{"id":1749,"date":"2025-10-15T11:42:39","date_gmt":"2025-10-15T14:42:39","guid":{"rendered":"https:\/\/nacuia.org\/?page_id=1749"},"modified":"2025-10-15T12:08:02","modified_gmt":"2025-10-15T15:08:02","slug":"blog-na-cuia","status":"publish","type":"page","link":"https:\/\/nacuia.org\/pt_br\/blog-na-cuia\/","title":{"rendered":""},"content":{"rendered":"\t\t<div data-elementor-type=\"wp-page\" data-elementor-id=\"1749\" class=\"elementor elementor-1749\" data-elementor-post-type=\"page\">\n\t\t\t\t<div class=\"elementor-element elementor-element-70bfdd46 e-flex e-con-boxed e-con e-parent\" data-id=\"70bfdd46\" data-element_type=\"container\" data-e-type=\"container\">\n\t\t\t\t\t<div class=\"e-con-inner\">\n\t\t\t\t<div class=\"elementor-element elementor-element-11805e56 elementor-widget elementor-widget-text-editor\" data-id=\"11805e56\" data-element_type=\"widget\" data-e-type=\"widget\" data-widget_type=\"text-editor.default\">\n\t\t\t\t<div class=\"elementor-widget-container\">\n\t\t\t\t\t\t\t\t\t\n<p>Encontre informa\u00e7\u00f5es , saiba tudo que acontece NA CUIA<\/p>\n\t\t\t\t\t\t\t\t<\/div>\n\t\t\t\t<\/div>\n\t\t\t\t\t<\/div>\n\t\t\t\t<\/div>\n\t\t<div class=\"elementor-element elementor-element-5890492a e-flex e-con-boxed e-con e-parent\" data-id=\"5890492a\" data-element_type=\"container\" data-e-type=\"container\" data-settings=\"{&quot;background_background&quot;:&quot;classic&quot;}\">\n\t\t\t\t\t<div class=\"e-con-inner\">\n\t\t\t\t<div class=\"elementor-element elementor-element-75855d3 elementor-grid-4 elementor-grid-tablet-2 elementor-grid-mobile-1 elementor-posts--thumbnail-top elementor-posts--show-avatar elementor-card-shadow-yes elementor-posts__hover-gradient elementor-widget elementor-widget-posts\" data-id=\"75855d3\" data-element_type=\"widget\" data-e-type=\"widget\" data-settings=\"{&quot;cards_columns&quot;:&quot;4&quot;,&quot;pagination_type&quot;:&quot;load_more_infinite_scroll&quot;,&quot;cards_columns_tablet&quot;:&quot;2&quot;,&quot;cards_columns_mobile&quot;:&quot;1&quot;,&quot;cards_row_gap&quot;:{&quot;unit&quot;:&quot;px&quot;,&quot;size&quot;:35,&quot;sizes&quot;:[]},&quot;cards_row_gap_widescreen&quot;:{&quot;unit&quot;:&quot;px&quot;,&quot;size&quot;:&quot;&quot;,&quot;sizes&quot;:[]},&quot;cards_row_gap_laptop&quot;:{&quot;unit&quot;:&quot;px&quot;,&quot;size&quot;:&quot;&quot;,&quot;sizes&quot;:[]},&quot;cards_row_gap_tablet_extra&quot;:{&quot;unit&quot;:&quot;px&quot;,&quot;size&quot;:&quot;&quot;,&quot;sizes&quot;:[]},&quot;cards_row_gap_tablet&quot;:{&quot;unit&quot;:&quot;px&quot;,&quot;size&quot;:&quot;&quot;,&quot;sizes&quot;:[]},&quot;cards_row_gap_mobile&quot;:{&quot;unit&quot;:&quot;px&quot;,&quot;size&quot;:&quot;&quot;,&quot;sizes&quot;:[]},&quot;load_more_spinner&quot;:{&quot;value&quot;:&quot;fas fa-spinner&quot;,&quot;library&quot;:&quot;fa-solid&quot;}}\" data-widget_type=\"posts.cards\">\n\t\t\t\t<div class=\"elementor-widget-container\">\n\t\t\t\t\t\t\t<div class=\"elementor-posts-container elementor-posts elementor-posts--skin-cards elementor-grid\">\n\t\t\t\t<article class=\"elementor-post elementor-grid-item post-2707 post type-post status-publish format-standard has-post-thumbnail hentry category-noticias tag-noticias\">\n\t\t\t<div class=\"elementor-post__card\">\n\t\t\t\t<a class=\"elementor-post__thumbnail__link\" href=\"https:\/\/nacuia.org\/pt_br\/encantos-do-maica-ufopa-e-associacao-de-moradores-lancam-catalogo-de-turismo-de-base-comunitaria-em-santarem\/\" tabindex=\"-1\" ><div class=\"elementor-post__thumbnail\"><img fetchpriority=\"high\" decoding=\"async\" width=\"300\" height=\"200\" src=\"https:\/\/nacuia.org\/wp-content\/uploads\/2026\/05\/AUTOR_Guilherme-Jardel_08-300x200.jpeg\" class=\"attachment-medium size-medium wp-image-2709\" alt=\"\" srcset=\"https:\/\/nacuia.org\/wp-content\/uploads\/2026\/05\/AUTOR_Guilherme-Jardel_08-300x200.jpeg 300w, https:\/\/nacuia.org\/wp-content\/uploads\/2026\/05\/AUTOR_Guilherme-Jardel_08-1024x682.jpeg 1024w, https:\/\/nacuia.org\/wp-content\/uploads\/2026\/05\/AUTOR_Guilherme-Jardel_08-768x512.jpeg 768w, https:\/\/nacuia.org\/wp-content\/uploads\/2026\/05\/AUTOR_Guilherme-Jardel_08-18x12.jpeg 18w, https:\/\/nacuia.org\/wp-content\/uploads\/2026\/05\/AUTOR_Guilherme-Jardel_08.jpeg 1280w\" sizes=\"(max-width: 300px) 100vw, 300px\" \/><\/div><\/a>\n\t\t\t\t<div class=\"elementor-post__badge\">Noticias<\/div>\n\t\t\t\t<div class=\"elementor-post__avatar\">\n\t\t\t<img alt='L\u00edrio Moraes' src='https:\/\/secure.gravatar.com\/avatar\/9241ea53a1ab433571c41836c94c6550cd320a90cad2dcbede7dc5f52dd38230?s=128&#038;d=mm&#038;r=g' srcset='https:\/\/secure.gravatar.com\/avatar\/9241ea53a1ab433571c41836c94c6550cd320a90cad2dcbede7dc5f52dd38230?s=256&#038;d=mm&#038;r=g 2x' class='avatar avatar-128 photo' height='128' width='128' \/>\t\t<\/div>\n\t\t\t\t<div class=\"elementor-post__text\">\n\t\t\t\t<h3 class=\"elementor-post__title\">\n\t\t\t<a href=\"https:\/\/nacuia.org\/pt_br\/encantos-do-maica-ufopa-e-associacao-de-moradores-lancam-catalogo-de-turismo-de-base-comunitaria-em-santarem\/\" >\n\t\t\t\t\u201cEncantos do Maic\u00e1\u201d: UFOPA e Associa\u00e7\u00e3o de Moradores lan\u00e7am cat\u00e1logo de Turismo de Base Comunit\u00e1ria em Santar\u00e9m\t\t\t<\/a>\n\t\t<\/h3>\n\t\t\t\t<div class=\"elementor-post__excerpt\">\n\t\t\t<p>\u201cEncantos do Maic\u00e1\u201d: UFOPA e Associa\u00e7\u00e3o de Moradores lan\u00e7am cat\u00e1logo de Turismo de Base Comunit\u00e1ria em Santar\u00e9m O projeto re\u00fane a\u00e7\u00f5es no bairro P\u00e9rola do<\/p>\n\t\t<\/div>\n\t\t\n\t\t<a class=\"elementor-post__read-more\" href=\"https:\/\/nacuia.org\/pt_br\/encantos-do-maica-ufopa-e-associacao-de-moradores-lancam-catalogo-de-turismo-de-base-comunitaria-em-santarem\/\" aria-label=\"Read more about \u201cEncantos do Maic\u00e1\u201d: UFOPA e Associa\u00e7\u00e3o de Moradores lan\u00e7am cat\u00e1logo de Turismo de Base Comunit\u00e1ria em Santar\u00e9m\" tabindex=\"-1\" >\n\t\t\tLeia mais \u00bb\t\t<\/a>\n\n\t\t\t\t<\/div>\n\t\t\t\t<div class=\"elementor-post__meta-data\">\n\t\t\t\t\t<span class=\"elementor-post-date\">\n\t\t\t01\/05\/2026\t\t<\/span>\n\t\t\t\t<span class=\"elementor-post-avatar\">\n\t\t\tNenhum coment\u00e1rio\t\t<\/span>\n\t\t\t\t<\/div>\n\t\t\t\t\t<\/div>\n\t\t<\/article>\n\t\t\t\t<article class=\"elementor-post elementor-grid-item post-2696 post type-post status-publish format-standard has-post-thumbnail hentry category-noticias tag-noticias\">\n\t\t\t<div class=\"elementor-post__card\">\n\t\t\t\t<a class=\"elementor-post__thumbnail__link\" href=\"https:\/\/nacuia.org\/pt_br\/mostra-do-projeto-kurumin-reune-arte-memoria-e-luta-indigena-em-ananindeua\/\" tabindex=\"-1\" ><div class=\"elementor-post__thumbnail\"><img decoding=\"async\" width=\"300\" height=\"225\" src=\"https:\/\/nacuia.org\/wp-content\/uploads\/2026\/04\/WhatsApp-Image-2026-04-28-at-11.18.48-300x225.jpeg\" class=\"attachment-medium size-medium wp-image-2697\" alt=\"\" srcset=\"https:\/\/nacuia.org\/wp-content\/uploads\/2026\/04\/WhatsApp-Image-2026-04-28-at-11.18.48-300x225.jpeg 300w, https:\/\/nacuia.org\/wp-content\/uploads\/2026\/04\/WhatsApp-Image-2026-04-28-at-11.18.48-1024x768.jpeg 1024w, https:\/\/nacuia.org\/wp-content\/uploads\/2026\/04\/WhatsApp-Image-2026-04-28-at-11.18.48-768x576.jpeg 768w, https:\/\/nacuia.org\/wp-content\/uploads\/2026\/04\/WhatsApp-Image-2026-04-28-at-11.18.48-16x12.jpeg 16w, https:\/\/nacuia.org\/wp-content\/uploads\/2026\/04\/WhatsApp-Image-2026-04-28-at-11.18.48-e1777389111353.jpeg 1000w\" sizes=\"(max-width: 300px) 100vw, 300px\" \/><\/div><\/a>\n\t\t\t\t<div class=\"elementor-post__badge\">Noticias<\/div>\n\t\t\t\t<div class=\"elementor-post__avatar\">\n\t\t\t<img alt='' src='https:\/\/secure.gravatar.com\/avatar\/?s=128&#038;d=mm&#038;r=g' srcset='https:\/\/secure.gravatar.com\/avatar\/?s=256&#038;d=mm&#038;r=g 2x' class='avatar avatar-128 photo avatar-default' height='128' width='128' \/>\t\t<\/div>\n\t\t\t\t<div class=\"elementor-post__text\">\n\t\t\t\t<h3 class=\"elementor-post__title\">\n\t\t\t<a href=\"https:\/\/nacuia.org\/pt_br\/mostra-do-projeto-kurumin-reune-arte-memoria-e-luta-indigena-em-ananindeua\/\" >\n\t\t\t\tMostra do Projeto Kurumin re\u00fane arte, mem\u00f3ria e luta ind\u00edgena em Ananindeua\t\t\t<\/a>\n\t\t<\/h3>\n\t\t\t\t<div class=\"elementor-post__excerpt\">\n\t\t\t<p>Mostra do Projeto Kurumin re\u00fane arte, mem\u00f3ria e luta ind\u00edgena em Ananindeua O bairro de \u00c1guas Lindas, em Ananindeua, na Regi\u00e3o Metropolitana de Bel\u00e9m, prepara-se<\/p>\n\t\t<\/div>\n\t\t\n\t\t<a class=\"elementor-post__read-more\" href=\"https:\/\/nacuia.org\/pt_br\/mostra-do-projeto-kurumin-reune-arte-memoria-e-luta-indigena-em-ananindeua\/\" aria-label=\"Read more about Mostra do Projeto Kurumin re\u00fane arte, mem\u00f3ria e luta ind\u00edgena em Ananindeua\" tabindex=\"-1\" >\n\t\t\tLeia mais \u00bb\t\t<\/a>\n\n\t\t\t\t<\/div>\n\t\t\t\t<div class=\"elementor-post__meta-data\">\n\t\t\t\t\t<span class=\"elementor-post-date\">\n\t\t\t28\/04\/2026\t\t<\/span>\n\t\t\t\t<span class=\"elementor-post-avatar\">\n\t\t\tNenhum coment\u00e1rio\t\t<\/span>\n\t\t\t\t<\/div>\n\t\t\t\t\t<\/div>\n\t\t<\/article>\n\t\t\t\t<article class=\"elementor-post elementor-grid-item post-2686 post type-post status-publish format-standard has-post-thumbnail hentry category-noticias tag-noticias\">\n\t\t\t<div class=\"elementor-post__card\">\n\t\t\t\t<a class=\"elementor-post__thumbnail__link\" href=\"https:\/\/nacuia.org\/pt_br\/batucada-misteriosa-apresenta-album-de-estreia-na-quinta-30-de-abril\/\" tabindex=\"-1\" ><div class=\"elementor-post__thumbnail\"><img decoding=\"async\" width=\"300\" height=\"300\" src=\"https:\/\/nacuia.org\/wp-content\/uploads\/2026\/04\/PLATAFORMAS-ATE-QUASE-MORRER-BATUCADA-MISTERIOSA-300x300.png\" class=\"attachment-medium size-medium wp-image-2687\" alt=\"\" srcset=\"https:\/\/nacuia.org\/wp-content\/uploads\/2026\/04\/PLATAFORMAS-ATE-QUASE-MORRER-BATUCADA-MISTERIOSA-300x300.png 300w, https:\/\/nacuia.org\/wp-content\/uploads\/2026\/04\/PLATAFORMAS-ATE-QUASE-MORRER-BATUCADA-MISTERIOSA-1024x1024.png 1024w, https:\/\/nacuia.org\/wp-content\/uploads\/2026\/04\/PLATAFORMAS-ATE-QUASE-MORRER-BATUCADA-MISTERIOSA-150x150.png 150w, https:\/\/nacuia.org\/wp-content\/uploads\/2026\/04\/PLATAFORMAS-ATE-QUASE-MORRER-BATUCADA-MISTERIOSA-768x768.png 768w, https:\/\/nacuia.org\/wp-content\/uploads\/2026\/04\/PLATAFORMAS-ATE-QUASE-MORRER-BATUCADA-MISTERIOSA-1536x1536.png 1536w, https:\/\/nacuia.org\/wp-content\/uploads\/2026\/04\/PLATAFORMAS-ATE-QUASE-MORRER-BATUCADA-MISTERIOSA-2048x2048.png 2048w, https:\/\/nacuia.org\/wp-content\/uploads\/2026\/04\/PLATAFORMAS-ATE-QUASE-MORRER-BATUCADA-MISTERIOSA-12x12.png 12w, https:\/\/nacuia.org\/wp-content\/uploads\/2026\/04\/PLATAFORMAS-ATE-QUASE-MORRER-BATUCADA-MISTERIOSA-scaled-e1777386388128.png 1000w\" sizes=\"(max-width: 300px) 100vw, 300px\" \/><\/div><\/a>\n\t\t\t\t<div class=\"elementor-post__badge\">Noticias<\/div>\n\t\t\t\t<div class=\"elementor-post__avatar\">\n\t\t\t<img alt='' src='https:\/\/secure.gravatar.com\/avatar\/?s=128&#038;d=mm&#038;r=g' srcset='https:\/\/secure.gravatar.com\/avatar\/?s=256&#038;d=mm&#038;r=g 2x' class='avatar avatar-128 photo avatar-default' height='128' width='128' \/>\t\t<\/div>\n\t\t\t\t<div class=\"elementor-post__text\">\n\t\t\t\t<h3 class=\"elementor-post__title\">\n\t\t\t<a href=\"https:\/\/nacuia.org\/pt_br\/batucada-misteriosa-apresenta-album-de-estreia-na-quinta-30-de-abril\/\" >\n\t\t\t\tBatucada Misteriosa apresenta \u00e1lbum de estreia na quinta, 30 de abril\t\t\t<\/a>\n\t\t<\/h3>\n\t\t\t\t<div class=\"elementor-post__excerpt\">\n\t\t\t<p>Batucada Misteriosa apresenta \u00e1lbum de estreia na quinta, 30 de abril \u201cAt\u00e9 Quase Morrer\u201d chega com 12 faixas trazendo a for\u00e7a do Carimb\u00f3 de Icoaraci.<\/p>\n\t\t<\/div>\n\t\t\n\t\t<a class=\"elementor-post__read-more\" href=\"https:\/\/nacuia.org\/pt_br\/batucada-misteriosa-apresenta-album-de-estreia-na-quinta-30-de-abril\/\" aria-label=\"Read more about Batucada Misteriosa apresenta \u00e1lbum de estreia na quinta, 30 de abril\" tabindex=\"-1\" >\n\t\t\tLeia mais \u00bb\t\t<\/a>\n\n\t\t\t\t<\/div>\n\t\t\t\t<div class=\"elementor-post__meta-data\">\n\t\t\t\t\t<span class=\"elementor-post-date\">\n\t\t\t28\/04\/2026\t\t<\/span>\n\t\t\t\t<span class=\"elementor-post-avatar\">\n\t\t\tNenhum coment\u00e1rio\t\t<\/span>\n\t\t\t\t<\/div>\n\t\t\t\t\t<\/div>\n\t\t<\/article>\n\t\t\t\t<article class=\"elementor-post elementor-grid-item post-2680 post type-post status-publish format-standard has-post-thumbnail hentry category-noticias tag-noticias\">\n\t\t\t<div class=\"elementor-post__card\">\n\t\t\t\t<a class=\"elementor-post__thumbnail__link\" href=\"https:\/\/nacuia.org\/pt_br\/pct-guama-lanca-cineclube-janela-da-terra-durante-programacao-do-dia-mundial-da-criatividade\/\" tabindex=\"-1\" ><div class=\"elementor-post__thumbnail\"><img loading=\"lazy\" decoding=\"async\" width=\"300\" height=\"200\" src=\"https:\/\/nacuia.org\/wp-content\/uploads\/2026\/04\/WhatsApp-Image-2026-04-22-at-16.45.59-300x200.jpeg\" class=\"attachment-medium size-medium wp-image-2681\" alt=\"\" srcset=\"https:\/\/nacuia.org\/wp-content\/uploads\/2026\/04\/WhatsApp-Image-2026-04-22-at-16.45.59-300x200.jpeg 300w, https:\/\/nacuia.org\/wp-content\/uploads\/2026\/04\/WhatsApp-Image-2026-04-22-at-16.45.59-1024x682.jpeg 1024w, https:\/\/nacuia.org\/wp-content\/uploads\/2026\/04\/WhatsApp-Image-2026-04-22-at-16.45.59-768x512.jpeg 768w, https:\/\/nacuia.org\/wp-content\/uploads\/2026\/04\/WhatsApp-Image-2026-04-22-at-16.45.59-1536x1023.jpeg 1536w, https:\/\/nacuia.org\/wp-content\/uploads\/2026\/04\/WhatsApp-Image-2026-04-22-at-16.45.59-18x12.jpeg 18w, https:\/\/nacuia.org\/wp-content\/uploads\/2026\/04\/WhatsApp-Image-2026-04-22-at-16.45.59-e1776889771838.jpeg 1000w\" sizes=\"(max-width: 300px) 100vw, 300px\" \/><\/div><\/a>\n\t\t\t\t<div class=\"elementor-post__badge\">Noticias<\/div>\n\t\t\t\t<div class=\"elementor-post__avatar\">\n\t\t\t<img alt='' src='https:\/\/secure.gravatar.com\/avatar\/?s=128&#038;d=mm&#038;r=g' srcset='https:\/\/secure.gravatar.com\/avatar\/?s=256&#038;d=mm&#038;r=g 2x' class='avatar avatar-128 photo avatar-default' height='128' width='128' \/>\t\t<\/div>\n\t\t\t\t<div class=\"elementor-post__text\">\n\t\t\t\t<h3 class=\"elementor-post__title\">\n\t\t\t<a href=\"https:\/\/nacuia.org\/pt_br\/pct-guama-lanca-cineclube-janela-da-terra-durante-programacao-do-dia-mundial-da-criatividade\/\" >\n\t\t\t\tPCT Guam\u00e1 lan\u00e7a cineclube &#8216;Janela da Terra\u2019 durante programa\u00e7\u00e3o do Dia Mundial da Criatividade\t\t\t<\/a>\n\t\t<\/h3>\n\t\t\t\t<div class=\"elementor-post__excerpt\">\n\t\t\t<p>PCT Guam\u00e1 lan\u00e7a cineclube &#8216;Janela da Terra\u2019 durante programa\u00e7\u00e3o do Dia Mundial da Criatividade O projeto \u00e9 uma parceria com o Festival Internacional de Cinema<\/p>\n\t\t<\/div>\n\t\t\n\t\t<a class=\"elementor-post__read-more\" href=\"https:\/\/nacuia.org\/pt_br\/pct-guama-lanca-cineclube-janela-da-terra-durante-programacao-do-dia-mundial-da-criatividade\/\" aria-label=\"Read more about PCT Guam\u00e1 lan\u00e7a cineclube &#8216;Janela da Terra\u2019 durante programa\u00e7\u00e3o do Dia Mundial da Criatividade\" tabindex=\"-1\" >\n\t\t\tLeia mais \u00bb\t\t<\/a>\n\n\t\t\t\t<\/div>\n\t\t\t\t<div class=\"elementor-post__meta-data\">\n\t\t\t\t\t<span class=\"elementor-post-date\">\n\t\t\t22\/04\/2026\t\t<\/span>\n\t\t\t\t<span class=\"elementor-post-avatar\">\n\t\t\tNenhum coment\u00e1rio\t\t<\/span>\n\t\t\t\t<\/div>\n\t\t\t\t\t<\/div>\n\t\t<\/article>\n\t\t\t\t<article class=\"elementor-post elementor-grid-item post-2672 post type-post status-publish format-standard has-post-thumbnail hentry category-noticias tag-noticias\">\n\t\t\t<div class=\"elementor-post__card\">\n\t\t\t\t<a class=\"elementor-post__thumbnail__link\" href=\"https:\/\/nacuia.org\/pt_br\/pesquisa-revela-que-reforma-agraria-pode-perder-139-milhoes-de-hectares-para-a-mineracao\/\" tabindex=\"-1\" ><div class=\"elementor-post__thumbnail\"><img loading=\"lazy\" decoding=\"async\" width=\"300\" height=\"200\" src=\"https:\/\/nacuia.org\/wp-content\/uploads\/2026\/04\/capa-site-300x200.png\" class=\"attachment-medium size-medium wp-image-2679\" alt=\"\" srcset=\"https:\/\/nacuia.org\/wp-content\/uploads\/2026\/04\/capa-site-300x200.png 300w, https:\/\/nacuia.org\/wp-content\/uploads\/2026\/04\/capa-site-1024x683.png 1024w, https:\/\/nacuia.org\/wp-content\/uploads\/2026\/04\/capa-site-768x512.png 768w, https:\/\/nacuia.org\/wp-content\/uploads\/2026\/04\/capa-site-18x12.png 18w, https:\/\/nacuia.org\/wp-content\/uploads\/2026\/04\/capa-site.png 1080w\" sizes=\"(max-width: 300px) 100vw, 300px\" \/><\/div><\/a>\n\t\t\t\t<div class=\"elementor-post__badge\">Noticias<\/div>\n\t\t\t\t<div class=\"elementor-post__avatar\">\n\t\t\t<img alt='' src='https:\/\/secure.gravatar.com\/avatar\/?s=128&#038;d=mm&#038;r=g' srcset='https:\/\/secure.gravatar.com\/avatar\/?s=256&#038;d=mm&#038;r=g 2x' class='avatar avatar-128 photo avatar-default' height='128' width='128' \/>\t\t<\/div>\n\t\t\t\t<div class=\"elementor-post__text\">\n\t\t\t\t<h3 class=\"elementor-post__title\">\n\t\t\t<a href=\"https:\/\/nacuia.org\/pt_br\/pesquisa-revela-que-reforma-agraria-pode-perder-139-milhoes-de-hectares-para-a-mineracao\/\" >\n\t\t\t\tPesquisa revela que Reforma Agr\u00e1ria pode perder 13,9 milh\u00f5es de hectares para a minera\u00e7\u00e3o\t\t\t<\/a>\n\t\t<\/h3>\n\t\t\t\t<div class=\"elementor-post__excerpt\">\n\t\t\t<p>Pesquisa revela que Reforma Agr\u00e1ria pode perder 13,9 milh\u00f5es de hectares para a minera\u00e7\u00e3o O estudo in\u00e9dito \u201cAssentamentos sob press\u00e3o\u201d \u2014 realizado pela Funda\u00e7\u00e3o Rosa<\/p>\n\t\t<\/div>\n\t\t\n\t\t<a class=\"elementor-post__read-more\" href=\"https:\/\/nacuia.org\/pt_br\/pesquisa-revela-que-reforma-agraria-pode-perder-139-milhoes-de-hectares-para-a-mineracao\/\" aria-label=\"Read more about Pesquisa revela que Reforma Agr\u00e1ria pode perder 13,9 milh\u00f5es de hectares para a minera\u00e7\u00e3o\" tabindex=\"-1\" >\n\t\t\tLeia mais \u00bb\t\t<\/a>\n\n\t\t\t\t<\/div>\n\t\t\t\t<div class=\"elementor-post__meta-data\">\n\t\t\t\t\t<span class=\"elementor-post-date\">\n\t\t\t22\/04\/2026\t\t<\/span>\n\t\t\t\t<span class=\"elementor-post-avatar\">\n\t\t\tNenhum coment\u00e1rio\t\t<\/span>\n\t\t\t\t<\/div>\n\t\t\t\t\t<\/div>\n\t\t<\/article>\n\t\t\t\t<article class=\"elementor-post elementor-grid-item post-2665 post type-post status-publish format-standard has-post-thumbnail hentry category-noticias tag-noticias\">\n\t\t\t<div class=\"elementor-post__card\">\n\t\t\t\t<a class=\"elementor-post__thumbnail__link\" href=\"https:\/\/nacuia.org\/pt_br\/1a-feira-da-cultura-afro-brasileira-de-castanhal-ancestralidade-terreiro-e-territorio\/\" tabindex=\"-1\" ><div class=\"elementor-post__thumbnail\"><img loading=\"lazy\" decoding=\"async\" width=\"300\" height=\"257\" src=\"https:\/\/nacuia.org\/wp-content\/uploads\/2026\/04\/1a-feira-afro-castanhal_site-300x257.png\" class=\"attachment-medium size-medium wp-image-2666\" alt=\"\" srcset=\"https:\/\/nacuia.org\/wp-content\/uploads\/2026\/04\/1a-feira-afro-castanhal_site-300x257.png 300w, https:\/\/nacuia.org\/wp-content\/uploads\/2026\/04\/1a-feira-afro-castanhal_site-1024x877.png 1024w, https:\/\/nacuia.org\/wp-content\/uploads\/2026\/04\/1a-feira-afro-castanhal_site-768x658.png 768w, https:\/\/nacuia.org\/wp-content\/uploads\/2026\/04\/1a-feira-afro-castanhal_site-1536x1316.png 1536w, https:\/\/nacuia.org\/wp-content\/uploads\/2026\/04\/1a-feira-afro-castanhal_site-14x12.png 14w, https:\/\/nacuia.org\/wp-content\/uploads\/2026\/04\/1a-feira-afro-castanhal_site-e1776868762888.png 1000w\" sizes=\"(max-width: 300px) 100vw, 300px\" \/><\/div><\/a>\n\t\t\t\t<div class=\"elementor-post__badge\">Noticias<\/div>\n\t\t\t\t<div class=\"elementor-post__avatar\">\n\t\t\t<img alt='' src='https:\/\/secure.gravatar.com\/avatar\/?s=128&#038;d=mm&#038;r=g' srcset='https:\/\/secure.gravatar.com\/avatar\/?s=256&#038;d=mm&#038;r=g 2x' class='avatar avatar-128 photo avatar-default' height='128' width='128' \/>\t\t<\/div>\n\t\t\t\t<div class=\"elementor-post__text\">\n\t\t\t\t<h3 class=\"elementor-post__title\">\n\t\t\t<a href=\"https:\/\/nacuia.org\/pt_br\/1a-feira-da-cultura-afro-brasileira-de-castanhal-ancestralidade-terreiro-e-territorio\/\" >\n\t\t\t\t1\u00aa Feira da Cultura Afro-Brasileira de Castanhal: Ancestralidade, Terreiro e Territ\u00f3rio\t\t\t<\/a>\n\t\t<\/h3>\n\t\t\t\t<div class=\"elementor-post__excerpt\">\n\t\t\t<p>1\u00aa Feira da Cultura Afro-Brasileira de Castanhal: Ancestralidade, Terreiro e Territ\u00f3rio A feira prop\u00f5e um encontro de saberes, espiritualidade e celebra\u00e7\u00e3o. Nos dias 14 e<\/p>\n\t\t<\/div>\n\t\t\n\t\t<a class=\"elementor-post__read-more\" href=\"https:\/\/nacuia.org\/pt_br\/1a-feira-da-cultura-afro-brasileira-de-castanhal-ancestralidade-terreiro-e-territorio\/\" aria-label=\"Read more about 1\u00aa Feira da Cultura Afro-Brasileira de Castanhal: Ancestralidade, Terreiro e Territ\u00f3rio\" tabindex=\"-1\" >\n\t\t\tLeia mais \u00bb\t\t<\/a>\n\n\t\t\t\t<\/div>\n\t\t\t\t<div class=\"elementor-post__meta-data\">\n\t\t\t\t\t<span class=\"elementor-post-date\">\n\t\t\t22\/04\/2026\t\t<\/span>\n\t\t\t\t<span class=\"elementor-post-avatar\">\n\t\t\tNenhum coment\u00e1rio\t\t<\/span>\n\t\t\t\t<\/div>\n\t\t\t\t\t<\/div>\n\t\t<\/article>\n\t\t\t\t<\/div>\n\t\t\t\t\t<span class=\"e-load-more-spinner\">\n\t\t\t\t<svg aria-hidden=\"true\" class=\"e-font-icon-svg e-fas-spinner\" viewBox=\"0 0 512 512\" xmlns=\"http:\/\/www.w3.org\/2000\/svg\"><path d=\"M304 48c0 26.51-21.49 48-48 48s-48-21.49-48-48 21.49-48 48-48 48 21.49 48 48zm-48 368c-26.51 0-48 21.49-48 48s21.49 48 48 48 48-21.49 48-48-21.49-48-48-48zm208-208c-26.51 0-48 21.49-48 48s21.49 48 48 48 48-21.49 48-48-21.49-48-48-48zM96 256c0-26.51-21.49-48-48-48S0 229.49 0 256s21.49 48 48 48 48-21.49 48-48zm12.922 99.078c-26.51 0-48 21.49-48 48s21.49 48 48 48 48-21.49 48-48c0-26.509-21.491-48-48-48zm294.156 0c-26.51 0-48 21.49-48 48s21.49 48 48 48 48-21.49 48-48c0-26.509-21.49-48-48-48zM108.922 60.922c-26.51 0-48 21.49-48 48s21.49 48 48 48 48-21.49 48-48-21.491-48-48-48z\"><\/path><\/svg>\t\t\t<\/span>\n\t\t\n\t\t\t\t<div class=\"e-load-more-anchor\" data-page=\"1\" data-max-page=\"13\" data-next-page=\"https:\/\/nacuia.org\/pt_br\/wp-json\/wp\/v2\/pages\/1749\/page\/2\/\"><\/div>\n\t\t\t\t<div class=\"e-load-more-message\"><\/div>\n\t\t\t\t\t\t<\/div>\n\t\t\t\t<\/div>\n\t\t\t\t\t<\/div>\n\t\t\t\t<\/div>\n\t\t\t\t<\/div>\n\t\t","protected":false},"excerpt":{"rendered":"<p>Encontre informa\u00e7\u00f5es , saiba tudo que acontece NA CUIA<\/p>\n","protected":false},"author":3,"featured_media":1460,"parent":0,"menu_order":0,"comment_status":"closed","ping_status":"closed","template":"","meta":{"footnotes":""},"class_list":["post-1749","page","type-page","status-publish","has-post-thumbnail","hentry"],"yoast_head":"<!-- This site is optimized with the Yoast SEO plugin v27.0 - https:\/\/yoast.com\/product\/yoast-seo-wordpress\/ -->\n<title>- NA CUIA<\/title>\n<meta name=\"robots\" content=\"index, follow, max-snippet:-1, max-image-preview:large, max-video-preview:-1\" \/>\n<link rel=\"canonical\" href=\"https:\/\/nacuia.org\/pt_br\/blog-na-cuia\/\" \/>\n<meta property=\"og:locale\" content=\"pt_BR\" \/>\n<meta property=\"og:type\" content=\"article\" \/>\n<meta property=\"og:title\" content=\"- NA CUIA\" \/>\n<meta property=\"og:description\" content=\"Encontre informa\u00e7\u00f5es , saiba tudo que acontece NA CUIA\" \/>\n<meta property=\"og:url\" content=\"https:\/\/nacuia.org\/pt_br\/blog-na-cuia\/\" \/>\n<meta property=\"og:site_name\" content=\"NA CUIA\" \/>\n<meta property=\"article:modified_time\" content=\"2025-10-15T15:08:02+00:00\" \/>\n<meta property=\"og:image\" content=\"https:\/\/nacuia.org\/wp-content\/uploads\/2025\/09\/5-1024x576.png\" \/>\n\t<meta property=\"og:image:width\" content=\"1024\" \/>\n\t<meta property=\"og:image:height\" content=\"576\" \/>\n\t<meta property=\"og:image:type\" content=\"image\/png\" \/>\n<meta name=\"twitter:card\" content=\"summary_large_image\" \/>\n<script type=\"application\/ld+json\" class=\"yoast-schema-graph\">{\"@context\":\"https:\/\/schema.org\",\"@graph\":[{\"@type\":\"WebPage\",\"@id\":\"https:\/\/nacuia.org\/blog-na-cuia\/\",\"url\":\"https:\/\/nacuia.org\/blog-na-cuia\/\",\"name\":\"- NA CUIA\",\"isPartOf\":{\"@id\":\"https:\/\/nacuia.org\/#website\"},\"primaryImageOfPage\":{\"@id\":\"https:\/\/nacuia.org\/blog-na-cuia\/#primaryimage\"},\"image\":{\"@id\":\"https:\/\/nacuia.org\/blog-na-cuia\/#primaryimage\"},\"thumbnailUrl\":\"https:\/\/nacuia.org\/wp-content\/uploads\/2025\/09\/5.png\",\"datePublished\":\"2025-10-15T14:42:39+00:00\",\"dateModified\":\"2025-10-15T15:08:02+00:00\",\"inLanguage\":\"pt-BR\",\"potentialAction\":[{\"@type\":\"ReadAction\",\"target\":[\"https:\/\/nacuia.org\/blog-na-cuia\/\"]}]},{\"@type\":\"ImageObject\",\"inLanguage\":\"pt-BR\",\"@id\":\"https:\/\/nacuia.org\/blog-na-cuia\/#primaryimage\",\"url\":\"https:\/\/nacuia.org\/wp-content\/uploads\/2025\/09\/5.png\",\"contentUrl\":\"https:\/\/nacuia.org\/wp-content\/uploads\/2025\/09\/5.png\",\"width\":1920,\"height\":1080,\"caption\":\"Comit\u00ea de Comunicadores Populares das Baixadas de Bel\u00e9m CriptoCuia-218.jpg Somos um evento cultural gratuito e uma plataforma de multilinguagens, com oficinas, debates e festas, traz a proposta de falar sobre Seguran\u00e7a e Direitos Digitais, Cultura Popular e Justi\u00e7a Ambiental e Clim\u00e1tica na Amaz\u00f4nia Paraense\"},{\"@type\":\"WebSite\",\"@id\":\"https:\/\/nacuia.org\/#website\",\"url\":\"https:\/\/nacuia.org\/\",\"name\":\"NA CUIA\",\"description\":\"Associa\u00e7\u00e3o Cultural\",\"potentialAction\":[{\"@type\":\"SearchAction\",\"target\":{\"@type\":\"EntryPoint\",\"urlTemplate\":\"https:\/\/nacuia.org\/?s={search_term_string}\"},\"query-input\":{\"@type\":\"PropertyValueSpecification\",\"valueRequired\":true,\"valueName\":\"search_term_string\"}}],\"inLanguage\":\"pt-BR\"}]}<\/script>\n<!-- \/ Yoast SEO plugin. -->","yoast_head_json":{"title":"- NA CUIA","robots":{"index":"index","follow":"follow","max-snippet":"max-snippet:-1","max-image-preview":"max-image-preview:large","max-video-preview":"max-video-preview:-1"},"canonical":"https:\/\/nacuia.org\/pt_br\/blog-na-cuia\/","og_locale":"pt_BR","og_type":"article","og_title":"- NA CUIA","og_description":"Encontre informa\u00e7\u00f5es , saiba tudo que acontece NA CUIA","og_url":"https:\/\/nacuia.org\/pt_br\/blog-na-cuia\/","og_site_name":"NA CUIA","article_modified_time":"2025-10-15T15:08:02+00:00","og_image":[{"width":1024,"height":576,"url":"https:\/\/nacuia.org\/wp-content\/uploads\/2025\/09\/5-1024x576.png","type":"image\/png"}],"twitter_card":"summary_large_image","schema":{"@context":"https:\/\/schema.org","@graph":[{"@type":"WebPage","@id":"https:\/\/nacuia.org\/blog-na-cuia\/","url":"https:\/\/nacuia.org\/blog-na-cuia\/","name":"- NA CUIA","isPartOf":{"@id":"https:\/\/nacuia.org\/#website"},"primaryImageOfPage":{"@id":"https:\/\/nacuia.org\/blog-na-cuia\/#primaryimage"},"image":{"@id":"https:\/\/nacuia.org\/blog-na-cuia\/#primaryimage"},"thumbnailUrl":"https:\/\/nacuia.org\/wp-content\/uploads\/2025\/09\/5.png","datePublished":"2025-10-15T14:42:39+00:00","dateModified":"2025-10-15T15:08:02+00:00","inLanguage":"pt-BR","potentialAction":[{"@type":"ReadAction","target":["https:\/\/nacuia.org\/blog-na-cuia\/"]}]},{"@type":"ImageObject","inLanguage":"pt-BR","@id":"https:\/\/nacuia.org\/blog-na-cuia\/#primaryimage","url":"https:\/\/nacuia.org\/wp-content\/uploads\/2025\/09\/5.png","contentUrl":"https:\/\/nacuia.org\/wp-content\/uploads\/2025\/09\/5.png","width":1920,"height":1080,"caption":"Comit\u00ea de Comunicadores Populares das Baixadas de Bel\u00e9m CriptoCuia-218.jpg Somos um evento cultural gratuito e uma plataforma de multilinguagens, com oficinas, debates e festas, traz a proposta de falar sobre Seguran\u00e7a e Direitos Digitais, Cultura Popular e Justi\u00e7a Ambiental e Clim\u00e1tica na Amaz\u00f4nia Paraense"},{"@type":"WebSite","@id":"https:\/\/nacuia.org\/#website","url":"https:\/\/nacuia.org\/","name":"NA CUIA","description":"Associa\u00e7\u00e3o Cultural","potentialAction":[{"@type":"SearchAction","target":{"@type":"EntryPoint","urlTemplate":"https:\/\/nacuia.org\/?s={search_term_string}"},"query-input":{"@type":"PropertyValueSpecification","valueRequired":true,"valueName":"search_term_string"}}],"inLanguage":"pt-BR"}]}},"_links":{"self":[{"href":"https:\/\/nacuia.org\/pt_br\/wp-json\/wp\/v2\/pages\/1749","targetHints":{"allow":["GET"]}}],"collection":[{"href":"https:\/\/nacuia.org\/pt_br\/wp-json\/wp\/v2\/pages"}],"about":[{"href":"https:\/\/nacuia.org\/pt_br\/wp-json\/wp\/v2\/types\/page"}],"author":[{"embeddable":true,"href":"https:\/\/nacuia.org\/pt_br\/wp-json\/wp\/v2\/users\/3"}],"replies":[{"embeddable":true,"href":"https:\/\/nacuia.org\/pt_br\/wp-json\/wp\/v2\/comments?post=1749"}],"version-history":[{"count":8,"href":"https:\/\/nacuia.org\/pt_br\/wp-json\/wp\/v2\/pages\/1749\/revisions"}],"predecessor-version":[{"id":1783,"href":"https:\/\/nacuia.org\/pt_br\/wp-json\/wp\/v2\/pages\/1749\/revisions\/1783"}],"wp:featuredmedia":[{"embeddable":true,"href":"https:\/\/nacuia.org\/pt_br\/wp-json\/wp\/v2\/media\/1460"}],"wp:attachment":[{"href":"https:\/\/nacuia.org\/pt_br\/wp-json\/wp\/v2\/media?parent=1749"}],"curies":[{"name":"wp","href":"https:\/\/api.w.org\/{rel}","templated":true}]}}