{"id":97,"date":"2024-11-02T09:25:03","date_gmt":"2024-11-02T12:25:03","guid":{"rendered":"https:\/\/new.zarpar.app\/?page_id=97"},"modified":"2025-10-15T12:07:09","modified_gmt":"2025-10-15T15:07:09","slug":"home","status":"publish","type":"page","link":"https:\/\/nacuia.org\/en\/","title":{"rendered":"Home"},"content":{"rendered":"\t\t<div data-elementor-type=\"wp-page\" data-elementor-id=\"97\" class=\"elementor elementor-97\" data-elementor-post-type=\"page\">\n\t\t\t\t<div class=\"elementor-element elementor-element-54ee92d e-flex e-con-boxed e-con e-parent\" data-id=\"54ee92d\" data-element_type=\"container\" data-e-type=\"container\" data-settings=\"{&quot;background_background&quot;:&quot;slideshow&quot;,&quot;background_slideshow_gallery&quot;:[{&quot;id&quot;:1463,&quot;url&quot;:&quot;https:\\\/\\\/nacuia.org\\\/wp-content\\\/uploads\\\/2025\\\/09\\\/8.png&quot;},{&quot;id&quot;:1462,&quot;url&quot;:&quot;https:\\\/\\\/nacuia.org\\\/wp-content\\\/uploads\\\/2025\\\/09\\\/7.png&quot;},{&quot;id&quot;:1461,&quot;url&quot;:&quot;https:\\\/\\\/nacuia.org\\\/wp-content\\\/uploads\\\/2025\\\/09\\\/6.png&quot;},{&quot;id&quot;:1459,&quot;url&quot;:&quot;https:\\\/\\\/nacuia.org\\\/wp-content\\\/uploads\\\/2025\\\/09\\\/4.png&quot;},{&quot;id&quot;:1455,&quot;url&quot;:&quot;https:\\\/\\\/nacuia.org\\\/wp-content\\\/uploads\\\/2025\\\/09\\\/1.png&quot;}],&quot;background_slideshow_loop&quot;:&quot;yes&quot;,&quot;background_slideshow_slide_duration&quot;:5000,&quot;background_slideshow_slide_transition&quot;:&quot;fade&quot;,&quot;background_slideshow_transition_duration&quot;:500}\">\n\t\t\t\t\t<div class=\"e-con-inner\">\n\t\t<div class=\"elementor-element elementor-element-70a7b1b e-con-full e-flex e-con e-child\" data-id=\"70a7b1b\" data-element_type=\"container\" data-e-type=\"container\">\n\t\t\t\t<div class=\"elementor-element elementor-element-a188230 elementor-widget elementor-widget-elementskit-heading\" data-id=\"a188230\" data-element_type=\"widget\" data-e-type=\"widget\" data-widget_type=\"elementskit-heading.default\">\n\t\t\t\t<div class=\"elementor-widget-container\">\n\t\t\t\t\t<div class=\"ekit-wid-con\" ><div class=\"ekit-heading elementskit-section-title-wraper text_left   ekit_heading_tablet-   ekit_heading_mobile-text_center\"><h1 class=\"ekit-heading--title elementskit-section-title \">Vozes da Amaz\u00f4nia, Transforma\u00e7\u00e3o Social &amp; Conex\u00f5es para o Futuro<\/h1><\/div><\/div>\t\t\t\t<\/div>\n\t\t\t\t<\/div>\n\t\t\t\t<div class=\"elementor-element elementor-element-87f880a elementor-widget elementor-widget-text-editor\" data-id=\"87f880a\" data-element_type=\"widget\" data-e-type=\"widget\" data-widget_type=\"text-editor.default\">\n\t\t\t\t<div class=\"elementor-widget-container\">\n\t\t\t\t\t\t\t\t\t<p>H\u00e1 10 anos, a Associa\u00e7\u00e3o Cultural Na Cuia atua para transformar vidas e territ\u00f3rios na Amaz\u00f4nia por meio da cultura, comunica\u00e7\u00e3o, justi\u00e7a ambiental e inclus\u00e3o social.<\/p>\t\t\t\t\t\t\t\t<\/div>\n\t\t\t\t<\/div>\n\t\t\t\t<div class=\"elementor-element elementor-element-f9b8e7b elementor-widget elementor-widget-elementskit-dual-button\" data-id=\"f9b8e7b\" data-element_type=\"widget\" data-e-type=\"widget\" data-widget_type=\"elementskit-dual-button.default\">\n\t\t\t\t<div class=\"elementor-widget-container\">\n\t\t\t\t\t<div class=\"ekit-wid-con\" >\n                <div class=\"ekit-element-align-wrapper\">\n                    <div class=\"ekit_double_button\">                <a class=\"ekit-double-btn ekit-double-btn-one\" href=\"\/nossa-historia\/\">\n                    SAIBA MAIS                <\/a>\n                  <\/div>\n                <\/div>\n            <\/div>\t\t\t\t<\/div>\n\t\t\t\t<\/div>\n\t\t\t\t<\/div>\n\t\t<div class=\"elementor-element elementor-element-5c766a4 e-con-full e-flex e-con e-child\" data-id=\"5c766a4\" data-element_type=\"container\" data-e-type=\"container\">\n\t\t\t\t<\/div>\n\t\t\t\t\t<\/div>\n\t\t\t\t<\/div>\n\t\t<div class=\"elementor-element elementor-element-d94386a e-flex e-con-boxed e-con e-parent\" data-id=\"d94386a\" data-element_type=\"container\" data-e-type=\"container\" data-settings=\"{&quot;background_background&quot;:&quot;classic&quot;}\">\n\t\t\t\t\t<div class=\"e-con-inner\">\n\t\t\t\t<div class=\"elementor-element elementor-element-cc0c724 animated-slow elementor-invisible elementor-widget elementor-widget-jkit_client_logo\" data-id=\"cc0c724\" data-element_type=\"widget\" data-e-type=\"widget\" data-settings=\"{&quot;_animation&quot;:&quot;fadeInDown&quot;,&quot;motion_fx_motion_fx_mouse&quot;:&quot;yes&quot;}\" data-widget_type=\"jkit_client_logo.default\">\n\t\t\t\t<div class=\"elementor-widget-container\">\n\t\t\t\t\t<div  class=\"jeg-elementor-kit jkit-client-logo arrow-bottom-middle jeg_module___69f74fd8d27e3\"  data-id=\"jeg_module___69f74fd8d27e3\" data-settings=\"{&quot;autoplay&quot;:false,&quot;autoplay_speed&quot;:3500,&quot;autoplay_hover_pause&quot;:false,&quot;show_navigation&quot;:false,&quot;navigation_left&quot;:&quot;&lt;span&gt;&lt;svg aria-hidden=\\&quot;true\\&quot; class=\\&quot;e-font-icon-svg e-fas-angle-left\\&quot; viewBox=\\&quot;0 0 256 512\\&quot; xmlns=\\&quot;http:\\\/\\\/www.w3.org\\\/2000\\\/svg\\&quot;&gt;&lt;path d=\\&quot;M31.7 239l136-136c9.4-9.4 24.6-9.4 33.9 0l22.6 22.6c9.4 9.4 9.4 24.6 0 33.9L127.9 256l96.4 96.4c9.4 9.4 9.4 24.6 0 33.9L201.7 409c-9.4 9.4-24.6 9.4-33.9 0l-136-136c-9.5-9.4-9.5-24.6-.1-34z\\&quot;&gt;&lt;\\\/path&gt;&lt;\\\/svg&gt;&lt;\\\/span&gt;&quot;,&quot;navigation_right&quot;:&quot;&lt;span&gt;&lt;svg aria-hidden=\\&quot;true\\&quot; class=\\&quot;e-font-icon-svg e-fas-angle-right\\&quot; viewBox=\\&quot;0 0 256 512\\&quot; xmlns=\\&quot;http:\\\/\\\/www.w3.org\\\/2000\\\/svg\\&quot;&gt;&lt;path d=\\&quot;M224.3 273l-136 136c-9.4 9.4-24.6 9.4-33.9 0l-22.6-22.6c-9.4-9.4-9.4-24.6 0-33.9l96.4-96.4-96.4-96.4c-9.4-9.4-9.4-24.6 0-33.9L54.3 103c9.4-9.4 24.6-9.4 33.9 0l136 136c9.5 9.4 9.5 24.6.1 34z\\&quot;&gt;&lt;\\\/path&gt;&lt;\\\/svg&gt;&lt;\\\/span&gt;&quot;,&quot;show_dots&quot;:false,&quot;arrow_position&quot;:&quot;bottom&quot;,&quot;responsive&quot;:{&quot;desktop&quot;:{&quot;items&quot;:6,&quot;margin&quot;:40,&quot;breakpoint&quot;:2401},&quot;widescreen&quot;:{&quot;items&quot;:6,&quot;margin&quot;:40,&quot;breakpoint&quot;:1367},&quot;laptop&quot;:{&quot;items&quot;:6,&quot;margin&quot;:40,&quot;breakpoint&quot;:1201},&quot;tablet_extra&quot;:{&quot;items&quot;:6,&quot;margin&quot;:40,&quot;breakpoint&quot;:1081},&quot;tablet&quot;:{&quot;items&quot;:6,&quot;margin&quot;:4,&quot;breakpoint&quot;:768},&quot;mobile&quot;:{&quot;items&quot;:6,&quot;margin&quot;:1,&quot;breakpoint&quot;:0}}}\"><div class=\"client-list\"><div class=\"client-track\"><div class=\"client-slider item \"><div class=\"image-list\"><div class=\"content-image\"><img fetchpriority=\"high\" decoding=\"async\" width=\"768\" height=\"768\" src=\"https:\/\/nacuia.org\/wp-content\/uploads\/2025\/09\/jambu-amarelo-768x768.png\" class=\"main-image\" alt=\"Title\" url=\"https:\/\/nacuia.org\/wp-content\/uploads\/2025\/09\/jambu-amarelo.png\" source=\"library\" srcset=\"https:\/\/nacuia.org\/wp-content\/uploads\/2025\/09\/jambu-amarelo-768x768.png 768w, https:\/\/nacuia.org\/wp-content\/uploads\/2025\/09\/jambu-amarelo-300x300.png 300w, https:\/\/nacuia.org\/wp-content\/uploads\/2025\/09\/jambu-amarelo-1024x1024.png 1024w, https:\/\/nacuia.org\/wp-content\/uploads\/2025\/09\/jambu-amarelo-150x150.png 150w, https:\/\/nacuia.org\/wp-content\/uploads\/2025\/09\/jambu-amarelo-1536x1536.png 1536w, https:\/\/nacuia.org\/wp-content\/uploads\/2025\/09\/jambu-amarelo-2048x2048.png 2048w\" sizes=\"(max-width: 768px) 100vw, 768px\" \/><\/div><\/div><\/div><div class=\"client-slider item \"><div class=\"image-list\"><div class=\"content-image\"><img decoding=\"async\" width=\"768\" height=\"768\" src=\"https:\/\/nacuia.org\/wp-content\/uploads\/2025\/09\/carranca-amarelo-768x768.png\" class=\"main-image\" alt=\"Title\" url=\"https:\/\/nacuia.org\/wp-content\/uploads\/2025\/09\/carranca-amarelo.png\" source=\"library\" srcset=\"https:\/\/nacuia.org\/wp-content\/uploads\/2025\/09\/carranca-amarelo-768x768.png 768w, https:\/\/nacuia.org\/wp-content\/uploads\/2025\/09\/carranca-amarelo-300x300.png 300w, https:\/\/nacuia.org\/wp-content\/uploads\/2025\/09\/carranca-amarelo-1024x1024.png 1024w, https:\/\/nacuia.org\/wp-content\/uploads\/2025\/09\/carranca-amarelo-150x150.png 150w, https:\/\/nacuia.org\/wp-content\/uploads\/2025\/09\/carranca-amarelo-1536x1536.png 1536w, https:\/\/nacuia.org\/wp-content\/uploads\/2025\/09\/carranca-amarelo-2048x2048.png 2048w\" sizes=\"(max-width: 768px) 100vw, 768px\" \/><\/div><\/div><\/div><div class=\"client-slider item \"><div class=\"image-list\"><div class=\"content-image\"><img decoding=\"async\" width=\"768\" height=\"768\" src=\"https:\/\/nacuia.org\/wp-content\/uploads\/2025\/09\/tambor-amarelo-768x768.png\" class=\"main-image\" alt=\"Title\" url=\"https:\/\/nacuia.org\/wp-content\/uploads\/2025\/09\/tambor-amarelo.png\" source=\"library\" srcset=\"https:\/\/nacuia.org\/wp-content\/uploads\/2025\/09\/tambor-amarelo-768x768.png 768w, https:\/\/nacuia.org\/wp-content\/uploads\/2025\/09\/tambor-amarelo-300x300.png 300w, https:\/\/nacuia.org\/wp-content\/uploads\/2025\/09\/tambor-amarelo-1024x1024.png 1024w, https:\/\/nacuia.org\/wp-content\/uploads\/2025\/09\/tambor-amarelo-150x150.png 150w, https:\/\/nacuia.org\/wp-content\/uploads\/2025\/09\/tambor-amarelo-1536x1536.png 1536w, https:\/\/nacuia.org\/wp-content\/uploads\/2025\/09\/tambor-amarelo-2048x2048.png 2048w\" sizes=\"(max-width: 768px) 100vw, 768px\" \/><\/div><\/div><\/div><div class=\"client-slider item \"><div class=\"image-list\"><div class=\"content-image\"><img loading=\"lazy\" decoding=\"async\" width=\"768\" height=\"768\" src=\"https:\/\/nacuia.org\/wp-content\/uploads\/2025\/09\/pirarucu-amarelo-768x768.png\" class=\"main-image\" alt=\"Title\" url=\"https:\/\/nacuia.org\/wp-content\/uploads\/2025\/09\/pirarucu-amarelo.png\" source=\"library\" srcset=\"https:\/\/nacuia.org\/wp-content\/uploads\/2025\/09\/pirarucu-amarelo-768x768.png 768w, https:\/\/nacuia.org\/wp-content\/uploads\/2025\/09\/pirarucu-amarelo-300x300.png 300w, https:\/\/nacuia.org\/wp-content\/uploads\/2025\/09\/pirarucu-amarelo-1024x1024.png 1024w, https:\/\/nacuia.org\/wp-content\/uploads\/2025\/09\/pirarucu-amarelo-150x150.png 150w, https:\/\/nacuia.org\/wp-content\/uploads\/2025\/09\/pirarucu-amarelo-1536x1536.png 1536w, https:\/\/nacuia.org\/wp-content\/uploads\/2025\/09\/pirarucu-amarelo-2048x2048.png 2048w\" sizes=\"(max-width: 768px) 100vw, 768px\" \/><\/div><\/div><\/div><div class=\"client-slider item \"><div class=\"image-list\"><div class=\"content-image\"><img loading=\"lazy\" decoding=\"async\" width=\"768\" height=\"768\" src=\"https:\/\/nacuia.org\/wp-content\/uploads\/2025\/09\/onda-da-agua-amarela-768x768.png\" class=\"main-image\" alt=\"Title\" url=\"https:\/\/nacuia.org\/wp-content\/uploads\/2025\/09\/onda-da-agua-amarela.png\" source=\"library\" srcset=\"https:\/\/nacuia.org\/wp-content\/uploads\/2025\/09\/onda-da-agua-amarela-768x768.png 768w, https:\/\/nacuia.org\/wp-content\/uploads\/2025\/09\/onda-da-agua-amarela-300x300.png 300w, https:\/\/nacuia.org\/wp-content\/uploads\/2025\/09\/onda-da-agua-amarela-1024x1024.png 1024w, https:\/\/nacuia.org\/wp-content\/uploads\/2025\/09\/onda-da-agua-amarela-150x150.png 150w, https:\/\/nacuia.org\/wp-content\/uploads\/2025\/09\/onda-da-agua-amarela-1536x1536.png 1536w, https:\/\/nacuia.org\/wp-content\/uploads\/2025\/09\/onda-da-agua-amarela-2048x2048.png 2048w\" sizes=\"(max-width: 768px) 100vw, 768px\" \/><\/div><\/div><\/div><div class=\"client-slider item \"><div class=\"image-list\"><div class=\"content-image\"><img fetchpriority=\"high\" decoding=\"async\" width=\"768\" height=\"768\" src=\"https:\/\/nacuia.org\/wp-content\/uploads\/2025\/09\/jambu-amarelo-768x768.png\" class=\"main-image\" alt=\"Title\" url=\"https:\/\/nacuia.org\/wp-content\/uploads\/2025\/09\/jambu-amarelo.png\" source=\"library\" srcset=\"https:\/\/nacuia.org\/wp-content\/uploads\/2025\/09\/jambu-amarelo-768x768.png 768w, https:\/\/nacuia.org\/wp-content\/uploads\/2025\/09\/jambu-amarelo-300x300.png 300w, https:\/\/nacuia.org\/wp-content\/uploads\/2025\/09\/jambu-amarelo-1024x1024.png 1024w, https:\/\/nacuia.org\/wp-content\/uploads\/2025\/09\/jambu-amarelo-150x150.png 150w, https:\/\/nacuia.org\/wp-content\/uploads\/2025\/09\/jambu-amarelo-1536x1536.png 1536w, https:\/\/nacuia.org\/wp-content\/uploads\/2025\/09\/jambu-amarelo-2048x2048.png 2048w\" sizes=\"(max-width: 768px) 100vw, 768px\" \/><\/div><\/div><\/div><\/div><\/div><\/div>\t\t\t\t<\/div>\n\t\t\t\t<\/div>\n\t\t\t\t<div class=\"elementor-element elementor-element-fa51b32 elementor-widget elementor-widget-elementskit-heading\" data-id=\"fa51b32\" data-element_type=\"widget\" data-e-type=\"widget\" data-widget_type=\"elementskit-heading.default\">\n\t\t\t\t<div class=\"elementor-widget-container\">\n\t\t\t\t\t<div class=\"ekit-wid-con\" ><div class=\"ekit-heading elementskit-section-title-wraper text_center   ekit_heading_tablet-   ekit_heading_mobile-\"><h2 class=\"ekit-heading--title elementskit-section-title \">Promovendo a educa\u00e7\u00e3o digital, a inclus\u00e3o profissional e a  <span><span>  democratiza\u00e7\u00e3o da comunica\u00e7\u00e3o!<\/span><\/span><\/h2><\/div><\/div>\t\t\t\t<\/div>\n\t\t\t\t<\/div>\n\t\t\t\t\t<\/div>\n\t\t\t\t<\/div>\n\t\t<div class=\"elementor-element elementor-element-3016f06 e-flex e-con-boxed e-con e-parent\" data-id=\"3016f06\" data-element_type=\"container\" data-e-type=\"container\" data-settings=\"{&quot;background_background&quot;:&quot;classic&quot;}\">\n\t\t\t\t\t<div class=\"e-con-inner\">\n\t\t<div class=\"elementor-element elementor-element-994184e e-con-full e-flex e-con e-child\" data-id=\"994184e\" data-element_type=\"container\" data-e-type=\"container\">\n\t\t\t\t<div class=\"elementor-element elementor-element-b5fdae3 elementor-invisible elementor-widget elementor-widget-image\" data-id=\"b5fdae3\" data-element_type=\"widget\" data-e-type=\"widget\" data-settings=\"{&quot;_animation&quot;:&quot;fadeInLeft&quot;}\" data-widget_type=\"image.default\">\n\t\t\t\t<div class=\"elementor-widget-container\">\n\t\t\t\t\t\t\t\t\t\t\t\t\t\t\t<img loading=\"lazy\" decoding=\"async\" width=\"2500\" height=\"2501\" src=\"https:\/\/nacuia.org\/wp-content\/uploads\/2025\/09\/logo-alternativa-roxa.png\" class=\"attachment-full size-full wp-image-1166\" alt=\"\" srcset=\"https:\/\/nacuia.org\/wp-content\/uploads\/2025\/09\/logo-alternativa-roxa.png 2500w, https:\/\/nacuia.org\/wp-content\/uploads\/2025\/09\/logo-alternativa-roxa-300x300.png 300w, https:\/\/nacuia.org\/wp-content\/uploads\/2025\/09\/logo-alternativa-roxa-1024x1024.png 1024w, https:\/\/nacuia.org\/wp-content\/uploads\/2025\/09\/logo-alternativa-roxa-150x150.png 150w, https:\/\/nacuia.org\/wp-content\/uploads\/2025\/09\/logo-alternativa-roxa-768x768.png 768w, https:\/\/nacuia.org\/wp-content\/uploads\/2025\/09\/logo-alternativa-roxa-1536x1536.png 1536w, https:\/\/nacuia.org\/wp-content\/uploads\/2025\/09\/logo-alternativa-roxa-2048x2048.png 2048w\" sizes=\"(max-width: 2500px) 100vw, 2500px\" \/>\t\t\t\t\t\t\t\t\t\t\t\t\t\t\t<\/div>\n\t\t\t\t<\/div>\n\t\t\t\t<\/div>\n\t\t<div class=\"elementor-element elementor-element-844cab5 e-con-full e-flex e-con e-child\" data-id=\"844cab5\" data-element_type=\"container\" data-e-type=\"container\">\n\t\t\t\t<div class=\"elementor-element elementor-element-8be1f57 elementor-widget elementor-widget-menu-anchor\" data-id=\"8be1f57\" data-element_type=\"widget\" data-e-type=\"widget\" data-widget_type=\"menu-anchor.default\">\n\t\t\t\t<div class=\"elementor-widget-container\">\n\t\t\t\t\t\t\t<div class=\"elementor-menu-anchor\" id=\"sobre\"><\/div>\n\t\t\t\t\t\t<\/div>\n\t\t\t\t<\/div>\n\t\t\t\t<div class=\"elementor-element elementor-element-1dda2c2 elementor-widget elementor-widget-heading\" data-id=\"1dda2c2\" data-element_type=\"widget\" data-e-type=\"widget\" data-widget_type=\"heading.default\">\n\t\t\t\t<div class=\"elementor-widget-container\">\n\t\t\t\t\t<h2 class=\"elementor-heading-title elementor-size-default\">Miss\u00e3o, Vis\u00e3o e Valores<\/h2>\t\t\t\t<\/div>\n\t\t\t\t<\/div>\n\t\t<div class=\"elementor-element elementor-element-a726d86 e-con-full e-flex e-con e-child\" data-id=\"a726d86\" data-element_type=\"container\" data-e-type=\"container\">\n\t\t<div class=\"elementor-element elementor-element-73cbc99 e-con-full e-flex e-con e-child\" data-id=\"73cbc99\" data-element_type=\"container\" data-e-type=\"container\">\n\t\t\t\t<div class=\"elementor-element elementor-element-965d8e8 elementor-widget elementor-widget-text-editor\" data-id=\"965d8e8\" data-element_type=\"widget\" data-e-type=\"widget\" data-widget_type=\"text-editor.default\">\n\t\t\t\t<div class=\"elementor-widget-container\">\n\t\t\t\t\t\t\t\t\t<p><b>Miss\u00e3o<\/b><\/p><p><span style=\"font-weight: 400;\">Enfrentar o racismo ambiental, a exclus\u00e3o digital e a concentra\u00e7\u00e3o de poder na m\u00eddia atrav\u00e9s da democratiza\u00e7\u00e3o do acesso \u00e0 comunica\u00e7\u00e3o e a cultura, salvaguardando as narrativas amaz\u00f4nicas.<\/span><\/p><p>\u00a0<\/p><p><b>Vis\u00e3o<\/b><\/p><p><span style=\"font-weight: 400;\">Ser refer\u00eancia em impacto social na Amaz\u00f4nia, reverberando narrativas perif\u00e9ricas com olhares locais e incidindo nas pol\u00edticas p\u00fablicas nas \u00e1reas da comunica\u00e7\u00e3o, cultura, clima e cuidados integrais na Amaz\u00f4nia. Fortalecer ainda mais a democratiza\u00e7\u00e3o da comunica\u00e7\u00e3o.<\/span><\/p><p>\u00a0<\/p><p><b>Valores<\/b><\/p><p><span style=\"font-weight: 400;\">Diversidade | Equidade | Empatia<\/span><\/p><p><span style=\"font-weight: 400;\">Integridade | Coletividade | Criticidade<\/span><\/p><p><span style=\"font-weight: 400;\">Comprometimento | Antiracismo | Antilgbtfobia<\/span><\/p><p><span style=\"font-weight: 400;\">Responsabilidade e Transforma\u00e7\u00e3o S\u00f3cio-Ambiental<\/span><\/p>\t\t\t\t\t\t\t\t<\/div>\n\t\t\t\t<\/div>\n\t\t\t\t<div class=\"elementor-element elementor-element-5a387b5 elementor-widget__width-initial elementor-absolute animated-fast elementor-invisible elementor-widget elementor-widget-image\" data-id=\"5a387b5\" data-element_type=\"widget\" data-e-type=\"widget\" data-settings=\"{&quot;_position&quot;:&quot;absolute&quot;,&quot;motion_fx_motion_fx_scrolling&quot;:&quot;yes&quot;,&quot;motion_fx_rotateZ_effect&quot;:&quot;yes&quot;,&quot;motion_fx_rotateZ_speed&quot;:{&quot;unit&quot;:&quot;px&quot;,&quot;size&quot;:1.1,&quot;sizes&quot;:[]},&quot;motion_fx_rotateZ_affectedRange&quot;:{&quot;unit&quot;:&quot;%&quot;,&quot;size&quot;:&quot;&quot;,&quot;sizes&quot;:{&quot;start&quot;:41,&quot;end&quot;:100}},&quot;_animation&quot;:&quot;fadeInLeft&quot;,&quot;motion_fx_devices&quot;:[&quot;widescreen&quot;,&quot;desktop&quot;,&quot;laptop&quot;,&quot;tablet_extra&quot;,&quot;tablet&quot;,&quot;mobile&quot;]}\" data-widget_type=\"image.default\">\n\t\t\t\t<div class=\"elementor-widget-container\">\n\t\t\t\t\t\t\t\t\t\t\t\t\t\t\t<img loading=\"lazy\" decoding=\"async\" width=\"800\" height=\"800\" src=\"https:\/\/nacuia.org\/wp-content\/uploads\/2025\/09\/remo-roxa-1024x1024.png\" class=\"attachment-large size-large wp-image-1142\" alt=\"\" srcset=\"https:\/\/nacuia.org\/wp-content\/uploads\/2025\/09\/remo-roxa-1024x1024.png 1024w, https:\/\/nacuia.org\/wp-content\/uploads\/2025\/09\/remo-roxa-300x300.png 300w, https:\/\/nacuia.org\/wp-content\/uploads\/2025\/09\/remo-roxa-150x150.png 150w, https:\/\/nacuia.org\/wp-content\/uploads\/2025\/09\/remo-roxa-768x768.png 768w, https:\/\/nacuia.org\/wp-content\/uploads\/2025\/09\/remo-roxa-1536x1536.png 1536w, https:\/\/nacuia.org\/wp-content\/uploads\/2025\/09\/remo-roxa-2048x2048.png 2048w\" sizes=\"(max-width: 800px) 100vw, 800px\" \/>\t\t\t\t\t\t\t\t\t\t\t\t\t\t\t<\/div>\n\t\t\t\t<\/div>\n\t\t\t\t<div class=\"elementor-element elementor-element-8c78faa elementor-widget__width-initial elementor-absolute animated-fast elementor-invisible elementor-widget elementor-widget-image\" data-id=\"8c78faa\" data-element_type=\"widget\" data-e-type=\"widget\" data-settings=\"{&quot;_position&quot;:&quot;absolute&quot;,&quot;motion_fx_motion_fx_scrolling&quot;:&quot;yes&quot;,&quot;motion_fx_rotateZ_effect&quot;:&quot;yes&quot;,&quot;motion_fx_rotateZ_speed&quot;:{&quot;unit&quot;:&quot;px&quot;,&quot;size&quot;:1.1,&quot;sizes&quot;:[]},&quot;motion_fx_rotateZ_affectedRange&quot;:{&quot;unit&quot;:&quot;%&quot;,&quot;size&quot;:&quot;&quot;,&quot;sizes&quot;:{&quot;start&quot;:41,&quot;end&quot;:100}},&quot;_animation&quot;:&quot;fadeInLeft&quot;,&quot;motion_fx_devices&quot;:[&quot;widescreen&quot;,&quot;desktop&quot;,&quot;laptop&quot;,&quot;tablet_extra&quot;,&quot;tablet&quot;,&quot;mobile&quot;]}\" data-widget_type=\"image.default\">\n\t\t\t\t<div class=\"elementor-widget-container\">\n\t\t\t\t\t\t\t\t\t\t\t\t\t\t\t<img loading=\"lazy\" decoding=\"async\" width=\"800\" height=\"800\" src=\"https:\/\/nacuia.org\/wp-content\/uploads\/2025\/09\/folhas-da-cuiera-vermelha-1024x1024.png\" class=\"attachment-large size-large wp-image-1104\" alt=\"\" srcset=\"https:\/\/nacuia.org\/wp-content\/uploads\/2025\/09\/folhas-da-cuiera-vermelha-1024x1024.png 1024w, https:\/\/nacuia.org\/wp-content\/uploads\/2025\/09\/folhas-da-cuiera-vermelha-300x300.png 300w, https:\/\/nacuia.org\/wp-content\/uploads\/2025\/09\/folhas-da-cuiera-vermelha-150x150.png 150w, https:\/\/nacuia.org\/wp-content\/uploads\/2025\/09\/folhas-da-cuiera-vermelha-768x768.png 768w, https:\/\/nacuia.org\/wp-content\/uploads\/2025\/09\/folhas-da-cuiera-vermelha-1536x1536.png 1536w, https:\/\/nacuia.org\/wp-content\/uploads\/2025\/09\/folhas-da-cuiera-vermelha-2048x2048.png 2048w\" sizes=\"(max-width: 800px) 100vw, 800px\" \/>\t\t\t\t\t\t\t\t\t\t\t\t\t\t\t<\/div>\n\t\t\t\t<\/div>\n\t\t\t\t<\/div>\n\t\t\t\t<\/div>\n\t\t\t\t<\/div>\n\t\t\t\t\t<\/div>\n\t\t\t\t<\/div>\n\t\t<div class=\"elementor-element elementor-element-fb05d18 e-flex e-con-boxed e-con e-parent\" data-id=\"fb05d18\" data-element_type=\"container\" data-e-type=\"container\">\n\t\t\t\t\t<div class=\"e-con-inner\">\n\t\t<div class=\"elementor-element elementor-element-67f5212 e-con-full e-flex e-con e-child\" data-id=\"67f5212\" data-element_type=\"container\" data-e-type=\"container\">\n\t\t\t\t<div class=\"elementor-element elementor-element-1a1e1bf elementor-widget elementor-widget-heading\" data-id=\"1a1e1bf\" data-element_type=\"widget\" data-e-type=\"widget\" data-widget_type=\"heading.default\">\n\t\t\t\t<div class=\"elementor-widget-container\">\n\t\t\t\t\t<h2 class=\"elementor-heading-title elementor-size-default\">Acompanhe nossas not\u00edcias<\/h2>\t\t\t\t<\/div>\n\t\t\t\t<\/div>\n\t\t\t\t<div class=\"elementor-element elementor-element-c3e0d31 elementor-grid-4 elementor-grid-tablet-2 elementor-grid-mobile-1 elementor-posts--thumbnail-top elementor-widget elementor-widget-posts\" data-id=\"c3e0d31\" data-element_type=\"widget\" data-e-type=\"widget\" data-settings=\"{&quot;classic_columns&quot;:&quot;4&quot;,&quot;classic_columns_tablet&quot;:&quot;2&quot;,&quot;classic_columns_mobile&quot;:&quot;1&quot;,&quot;classic_row_gap&quot;:{&quot;unit&quot;:&quot;px&quot;,&quot;size&quot;:35,&quot;sizes&quot;:[]},&quot;classic_row_gap_widescreen&quot;:{&quot;unit&quot;:&quot;px&quot;,&quot;size&quot;:&quot;&quot;,&quot;sizes&quot;:[]},&quot;classic_row_gap_laptop&quot;:{&quot;unit&quot;:&quot;px&quot;,&quot;size&quot;:&quot;&quot;,&quot;sizes&quot;:[]},&quot;classic_row_gap_tablet_extra&quot;:{&quot;unit&quot;:&quot;px&quot;,&quot;size&quot;:&quot;&quot;,&quot;sizes&quot;:[]},&quot;classic_row_gap_tablet&quot;:{&quot;unit&quot;:&quot;px&quot;,&quot;size&quot;:&quot;&quot;,&quot;sizes&quot;:[]},&quot;classic_row_gap_mobile&quot;:{&quot;unit&quot;:&quot;px&quot;,&quot;size&quot;:&quot;&quot;,&quot;sizes&quot;:[]}}\" data-widget_type=\"posts.classic\">\n\t\t\t\t<div class=\"elementor-widget-container\">\n\t\t\t\t\t\t\t<div class=\"elementor-posts-container elementor-posts elementor-posts--skin-classic elementor-grid\">\n\t\t\t\t<article class=\"elementor-post elementor-grid-item post-2707 post type-post status-publish format-standard has-post-thumbnail hentry category-noticias tag-noticias\">\n\t\t\t\t<a class=\"elementor-post__thumbnail__link\" href=\"https:\/\/nacuia.org\/en\/encantos-do-maica-ufopa-e-associacao-de-moradores-lancam-catalogo-de-turismo-de-base-comunitaria-em-santarem\/\" tabindex=\"-1\" >\n\t\t\t<div class=\"elementor-post__thumbnail\"><img loading=\"lazy\" decoding=\"async\" width=\"300\" height=\"200\" src=\"https:\/\/nacuia.org\/wp-content\/uploads\/2026\/05\/AUTOR_Guilherme-Jardel_08-300x200.jpeg\" class=\"attachment-medium size-medium wp-image-2709\" alt=\"\" srcset=\"https:\/\/nacuia.org\/wp-content\/uploads\/2026\/05\/AUTOR_Guilherme-Jardel_08-300x200.jpeg 300w, https:\/\/nacuia.org\/wp-content\/uploads\/2026\/05\/AUTOR_Guilherme-Jardel_08-1024x682.jpeg 1024w, https:\/\/nacuia.org\/wp-content\/uploads\/2026\/05\/AUTOR_Guilherme-Jardel_08-768x512.jpeg 768w, https:\/\/nacuia.org\/wp-content\/uploads\/2026\/05\/AUTOR_Guilherme-Jardel_08-18x12.jpeg 18w, https:\/\/nacuia.org\/wp-content\/uploads\/2026\/05\/AUTOR_Guilherme-Jardel_08.jpeg 1280w\" sizes=\"(max-width: 300px) 100vw, 300px\" \/><\/div>\n\t\t<\/a>\n\t\t\t\t<div class=\"elementor-post__text\">\n\t\t\t\t<h3 class=\"elementor-post__title\">\n\t\t\t<a href=\"https:\/\/nacuia.org\/en\/encantos-do-maica-ufopa-e-associacao-de-moradores-lancam-catalogo-de-turismo-de-base-comunitaria-em-santarem\/\" >\n\t\t\t\t\u201cEncantos do Maic\u00e1\u201d: UFOPA e Associa\u00e7\u00e3o de Moradores lan\u00e7am cat\u00e1logo de Turismo de Base Comunit\u00e1ria em Santar\u00e9m\t\t\t<\/a>\n\t\t<\/h3>\n\t\t\t\t<div class=\"elementor-post__meta-data\">\n\t\t\t\t\t<span class=\"elementor-post-date\">\n\t\t\t01\/05\/2026\t\t<\/span>\n\t\t\t\t<span class=\"elementor-post-avatar\">\n\t\t\tNo Comments\t\t<\/span>\n\t\t\t\t<\/div>\n\t\t\t\t<div class=\"elementor-post__excerpt\">\n\t\t\t<p>\u201cEncantos do Maic\u00e1\u201d: UFOPA e Associa\u00e7\u00e3o de Moradores lan\u00e7am cat\u00e1logo de Turismo de Base Comunit\u00e1ria em Santar\u00e9m O projeto re\u00fane a\u00e7\u00f5es no bairro P\u00e9rola do<\/p>\n\t\t<\/div>\n\t\t\t\t\t<div class=\"elementor-post__read-more-wrapper\">\n\t\t\n\t\t<a class=\"elementor-post__read-more\" href=\"https:\/\/nacuia.org\/en\/encantos-do-maica-ufopa-e-associacao-de-moradores-lancam-catalogo-de-turismo-de-base-comunitaria-em-santarem\/\" aria-label=\"Read more about \u201cEncantos do Maic\u00e1\u201d: UFOPA e Associa\u00e7\u00e3o de Moradores lan\u00e7am cat\u00e1logo de Turismo de Base Comunit\u00e1ria em Santar\u00e9m\" tabindex=\"-1\" >\n\t\t\tLeia mais &gt;&gt;\t\t<\/a>\n\n\t\t\t\t\t<\/div>\n\t\t\t\t<\/div>\n\t\t\t\t<\/article>\n\t\t\t\t<article class=\"elementor-post elementor-grid-item post-2696 post type-post status-publish format-standard has-post-thumbnail hentry category-noticias tag-noticias\">\n\t\t\t\t<a class=\"elementor-post__thumbnail__link\" href=\"https:\/\/nacuia.org\/en\/mostra-do-projeto-kurumin-reune-arte-memoria-e-luta-indigena-em-ananindeua\/\" tabindex=\"-1\" >\n\t\t\t<div class=\"elementor-post__thumbnail\"><img loading=\"lazy\" decoding=\"async\" width=\"300\" height=\"225\" src=\"https:\/\/nacuia.org\/wp-content\/uploads\/2026\/04\/WhatsApp-Image-2026-04-28-at-11.18.48-300x225.jpeg\" class=\"attachment-medium size-medium wp-image-2697\" alt=\"\" srcset=\"https:\/\/nacuia.org\/wp-content\/uploads\/2026\/04\/WhatsApp-Image-2026-04-28-at-11.18.48-300x225.jpeg 300w, https:\/\/nacuia.org\/wp-content\/uploads\/2026\/04\/WhatsApp-Image-2026-04-28-at-11.18.48-1024x768.jpeg 1024w, https:\/\/nacuia.org\/wp-content\/uploads\/2026\/04\/WhatsApp-Image-2026-04-28-at-11.18.48-768x576.jpeg 768w, https:\/\/nacuia.org\/wp-content\/uploads\/2026\/04\/WhatsApp-Image-2026-04-28-at-11.18.48-16x12.jpeg 16w, https:\/\/nacuia.org\/wp-content\/uploads\/2026\/04\/WhatsApp-Image-2026-04-28-at-11.18.48-e1777389111353.jpeg 1000w\" sizes=\"(max-width: 300px) 100vw, 300px\" \/><\/div>\n\t\t<\/a>\n\t\t\t\t<div class=\"elementor-post__text\">\n\t\t\t\t<h3 class=\"elementor-post__title\">\n\t\t\t<a href=\"https:\/\/nacuia.org\/en\/mostra-do-projeto-kurumin-reune-arte-memoria-e-luta-indigena-em-ananindeua\/\" >\n\t\t\t\tMostra do Projeto Kurumin re\u00fane arte, mem\u00f3ria e luta ind\u00edgena em Ananindeua\t\t\t<\/a>\n\t\t<\/h3>\n\t\t\t\t<div class=\"elementor-post__meta-data\">\n\t\t\t\t\t<span class=\"elementor-post-date\">\n\t\t\t28\/04\/2026\t\t<\/span>\n\t\t\t\t<span class=\"elementor-post-avatar\">\n\t\t\tNo Comments\t\t<\/span>\n\t\t\t\t<\/div>\n\t\t\t\t<div class=\"elementor-post__excerpt\">\n\t\t\t<p>Mostra do Projeto Kurumin re\u00fane arte, mem\u00f3ria e luta ind\u00edgena em Ananindeua O bairro de \u00c1guas Lindas, em Ananindeua, na Regi\u00e3o Metropolitana de Bel\u00e9m, prepara-se<\/p>\n\t\t<\/div>\n\t\t\t\t\t<div class=\"elementor-post__read-more-wrapper\">\n\t\t\n\t\t<a class=\"elementor-post__read-more\" href=\"https:\/\/nacuia.org\/en\/mostra-do-projeto-kurumin-reune-arte-memoria-e-luta-indigena-em-ananindeua\/\" aria-label=\"Read more about Mostra do Projeto Kurumin re\u00fane arte, mem\u00f3ria e luta ind\u00edgena em Ananindeua\" tabindex=\"-1\" >\n\t\t\tLeia mais &gt;&gt;\t\t<\/a>\n\n\t\t\t\t\t<\/div>\n\t\t\t\t<\/div>\n\t\t\t\t<\/article>\n\t\t\t\t<article class=\"elementor-post elementor-grid-item post-2686 post type-post status-publish format-standard has-post-thumbnail hentry category-noticias tag-noticias\">\n\t\t\t\t<a class=\"elementor-post__thumbnail__link\" href=\"https:\/\/nacuia.org\/en\/batucada-misteriosa-apresenta-album-de-estreia-na-quinta-30-de-abril\/\" tabindex=\"-1\" >\n\t\t\t<div class=\"elementor-post__thumbnail\"><img loading=\"lazy\" decoding=\"async\" width=\"300\" height=\"300\" src=\"https:\/\/nacuia.org\/wp-content\/uploads\/2026\/04\/PLATAFORMAS-ATE-QUASE-MORRER-BATUCADA-MISTERIOSA-300x300.png\" class=\"attachment-medium size-medium wp-image-2687\" alt=\"\" srcset=\"https:\/\/nacuia.org\/wp-content\/uploads\/2026\/04\/PLATAFORMAS-ATE-QUASE-MORRER-BATUCADA-MISTERIOSA-300x300.png 300w, https:\/\/nacuia.org\/wp-content\/uploads\/2026\/04\/PLATAFORMAS-ATE-QUASE-MORRER-BATUCADA-MISTERIOSA-1024x1024.png 1024w, https:\/\/nacuia.org\/wp-content\/uploads\/2026\/04\/PLATAFORMAS-ATE-QUASE-MORRER-BATUCADA-MISTERIOSA-150x150.png 150w, https:\/\/nacuia.org\/wp-content\/uploads\/2026\/04\/PLATAFORMAS-ATE-QUASE-MORRER-BATUCADA-MISTERIOSA-768x768.png 768w, https:\/\/nacuia.org\/wp-content\/uploads\/2026\/04\/PLATAFORMAS-ATE-QUASE-MORRER-BATUCADA-MISTERIOSA-1536x1536.png 1536w, https:\/\/nacuia.org\/wp-content\/uploads\/2026\/04\/PLATAFORMAS-ATE-QUASE-MORRER-BATUCADA-MISTERIOSA-2048x2048.png 2048w, https:\/\/nacuia.org\/wp-content\/uploads\/2026\/04\/PLATAFORMAS-ATE-QUASE-MORRER-BATUCADA-MISTERIOSA-12x12.png 12w, https:\/\/nacuia.org\/wp-content\/uploads\/2026\/04\/PLATAFORMAS-ATE-QUASE-MORRER-BATUCADA-MISTERIOSA-scaled-e1777386388128.png 1000w\" sizes=\"(max-width: 300px) 100vw, 300px\" \/><\/div>\n\t\t<\/a>\n\t\t\t\t<div class=\"elementor-post__text\">\n\t\t\t\t<h3 class=\"elementor-post__title\">\n\t\t\t<a href=\"https:\/\/nacuia.org\/en\/batucada-misteriosa-apresenta-album-de-estreia-na-quinta-30-de-abril\/\" >\n\t\t\t\tBatucada Misteriosa apresenta \u00e1lbum de estreia na quinta, 30 de abril\t\t\t<\/a>\n\t\t<\/h3>\n\t\t\t\t<div class=\"elementor-post__meta-data\">\n\t\t\t\t\t<span class=\"elementor-post-date\">\n\t\t\t28\/04\/2026\t\t<\/span>\n\t\t\t\t<span class=\"elementor-post-avatar\">\n\t\t\tNo Comments\t\t<\/span>\n\t\t\t\t<\/div>\n\t\t\t\t<div class=\"elementor-post__excerpt\">\n\t\t\t<p>Batucada Misteriosa apresenta \u00e1lbum de estreia na quinta, 30 de abril \u201cAt\u00e9 Quase Morrer\u201d chega com 12 faixas trazendo a for\u00e7a do Carimb\u00f3 de Icoaraci.<\/p>\n\t\t<\/div>\n\t\t\t\t\t<div class=\"elementor-post__read-more-wrapper\">\n\t\t\n\t\t<a class=\"elementor-post__read-more\" href=\"https:\/\/nacuia.org\/en\/batucada-misteriosa-apresenta-album-de-estreia-na-quinta-30-de-abril\/\" aria-label=\"Read more about Batucada Misteriosa apresenta \u00e1lbum de estreia na quinta, 30 de abril\" tabindex=\"-1\" >\n\t\t\tLeia mais &gt;&gt;\t\t<\/a>\n\n\t\t\t\t\t<\/div>\n\t\t\t\t<\/div>\n\t\t\t\t<\/article>\n\t\t\t\t<article class=\"elementor-post elementor-grid-item post-2680 post type-post status-publish format-standard has-post-thumbnail hentry category-noticias tag-noticias\">\n\t\t\t\t<a class=\"elementor-post__thumbnail__link\" href=\"https:\/\/nacuia.org\/en\/pct-guama-lanca-cineclube-janela-da-terra-durante-programacao-do-dia-mundial-da-criatividade\/\" tabindex=\"-1\" >\n\t\t\t<div class=\"elementor-post__thumbnail\"><img loading=\"lazy\" decoding=\"async\" width=\"300\" height=\"200\" src=\"https:\/\/nacuia.org\/wp-content\/uploads\/2026\/04\/WhatsApp-Image-2026-04-22-at-16.45.59-300x200.jpeg\" class=\"attachment-medium size-medium wp-image-2681\" alt=\"\" srcset=\"https:\/\/nacuia.org\/wp-content\/uploads\/2026\/04\/WhatsApp-Image-2026-04-22-at-16.45.59-300x200.jpeg 300w, https:\/\/nacuia.org\/wp-content\/uploads\/2026\/04\/WhatsApp-Image-2026-04-22-at-16.45.59-1024x682.jpeg 1024w, https:\/\/nacuia.org\/wp-content\/uploads\/2026\/04\/WhatsApp-Image-2026-04-22-at-16.45.59-768x512.jpeg 768w, https:\/\/nacuia.org\/wp-content\/uploads\/2026\/04\/WhatsApp-Image-2026-04-22-at-16.45.59-1536x1023.jpeg 1536w, https:\/\/nacuia.org\/wp-content\/uploads\/2026\/04\/WhatsApp-Image-2026-04-22-at-16.45.59-18x12.jpeg 18w, https:\/\/nacuia.org\/wp-content\/uploads\/2026\/04\/WhatsApp-Image-2026-04-22-at-16.45.59-e1776889771838.jpeg 1000w\" sizes=\"(max-width: 300px) 100vw, 300px\" \/><\/div>\n\t\t<\/a>\n\t\t\t\t<div class=\"elementor-post__text\">\n\t\t\t\t<h3 class=\"elementor-post__title\">\n\t\t\t<a href=\"https:\/\/nacuia.org\/en\/pct-guama-lanca-cineclube-janela-da-terra-durante-programacao-do-dia-mundial-da-criatividade\/\" >\n\t\t\t\tPCT Guam\u00e1 lan\u00e7a cineclube &#8216;Janela da Terra\u2019 durante programa\u00e7\u00e3o do Dia Mundial da Criatividade\t\t\t<\/a>\n\t\t<\/h3>\n\t\t\t\t<div class=\"elementor-post__meta-data\">\n\t\t\t\t\t<span class=\"elementor-post-date\">\n\t\t\t22\/04\/2026\t\t<\/span>\n\t\t\t\t<span class=\"elementor-post-avatar\">\n\t\t\tNo Comments\t\t<\/span>\n\t\t\t\t<\/div>\n\t\t\t\t<div class=\"elementor-post__excerpt\">\n\t\t\t<p>PCT Guam\u00e1 lan\u00e7a cineclube &#8216;Janela da Terra\u2019 durante programa\u00e7\u00e3o do Dia Mundial da Criatividade O projeto \u00e9 uma parceria com o Festival Internacional de Cinema<\/p>\n\t\t<\/div>\n\t\t\t\t\t<div class=\"elementor-post__read-more-wrapper\">\n\t\t\n\t\t<a class=\"elementor-post__read-more\" href=\"https:\/\/nacuia.org\/en\/pct-guama-lanca-cineclube-janela-da-terra-durante-programacao-do-dia-mundial-da-criatividade\/\" aria-label=\"Read more about PCT Guam\u00e1 lan\u00e7a cineclube &#8216;Janela da Terra\u2019 durante programa\u00e7\u00e3o do Dia Mundial da Criatividade\" tabindex=\"-1\" >\n\t\t\tLeia mais &gt;&gt;\t\t<\/a>\n\n\t\t\t\t\t<\/div>\n\t\t\t\t<\/div>\n\t\t\t\t<\/article>\n\t\t\t\t<\/div>\n\t\t\n\t\t\t\t\t\t<\/div>\n\t\t\t\t<\/div>\n\t\t\t\t<div class=\"elementor-element elementor-element-3c87483 elementor-widget-elementskit-dual-button-center elementor-widget elementor-widget-elementskit-dual-button\" data-id=\"3c87483\" data-element_type=\"widget\" data-e-type=\"widget\" data-widget_type=\"elementskit-dual-button.default\">\n\t\t\t\t<div class=\"elementor-widget-container\">\n\t\t\t\t\t<div class=\"ekit-wid-con\" >\n                <div class=\"ekit-element-align-wrapper\">\n                    <div class=\"ekit_double_button\">                <a class=\"ekit-double-btn ekit-double-btn-one\" href=\"https:\/\/nacuia.org\/blog-na-cuia\/\">\n                    SAIBA MAIS                <\/a>\n                  <\/div>\n                <\/div>\n            <\/div>\t\t\t\t<\/div>\n\t\t\t\t<\/div>\n\t\t\t\t<div class=\"elementor-element elementor-element-978470a elementor-widget elementor-widget-button\" data-id=\"978470a\" data-element_type=\"widget\" data-e-type=\"widget\" data-widget_type=\"button.default\">\n\t\t\t\t<div class=\"elementor-widget-container\">\n\t\t\t\t\t\t\t\t\t<div class=\"elementor-button-wrapper\">\n\t\t\t\t\t<a class=\"elementor-button elementor-button-link elementor-size-sm\" href=\"#\">\n\t\t\t\t\t\t<span class=\"elementor-button-content-wrapper\">\n\t\t\t\t\t\t\t\t\t<span class=\"elementor-button-text\">Clique aqui<\/span>\n\t\t\t\t\t<\/span>\n\t\t\t\t\t<\/a>\n\t\t\t\t<\/div>\n\t\t\t\t\t\t\t\t<\/div>\n\t\t\t\t<\/div>\n\t\t\t\t<\/div>\n\t\t\t\t\t<\/div>\n\t\t\t\t<\/div>\n\t\t<div class=\"elementor-element elementor-element-0f796fd e-flex e-con-boxed e-con e-parent\" data-id=\"0f796fd\" data-element_type=\"container\" data-e-type=\"container\" data-settings=\"{&quot;background_background&quot;:&quot;classic&quot;}\">\n\t\t\t\t\t<div class=\"e-con-inner\">\n\t\t<div class=\"elementor-element elementor-element-3b8d5f4 e-con-full e-flex e-con e-child\" data-id=\"3b8d5f4\" data-element_type=\"container\" data-e-type=\"container\">\n\t\t\t\t<div class=\"elementor-element elementor-element-69ee10b elementor-widget elementor-widget-heading\" data-id=\"69ee10b\" data-element_type=\"widget\" data-e-type=\"widget\" data-widget_type=\"heading.default\">\n\t\t\t\t<div class=\"elementor-widget-container\">\n\t\t\t\t\t<h2 class=\"elementor-heading-title elementor-size-default\">O que fazemos?<\/h2>\t\t\t\t<\/div>\n\t\t\t\t<\/div>\n\t\t\t\t<div class=\"elementor-element elementor-element-cb6dd93 elementor-widget elementor-widget-text-editor\" data-id=\"cb6dd93\" data-element_type=\"widget\" data-e-type=\"widget\" data-widget_type=\"text-editor.default\">\n\t\t\t\t<div class=\"elementor-widget-container\">\n\t\t\t\t\t\t\t\t\t<p><span style=\"font-weight: 400;\">Somos uma organiza\u00e7\u00e3o constru\u00edda por comunicadores independentes, criativos e pertencentes \u00e0 comunidade LGBTQIAPN+. Acreditamos na valoriza\u00e7\u00e3o da cultura amaz\u00f4nica como um fio condutor de mudan\u00e7as sociais, promovendo a democratiza\u00e7\u00e3o da comunica\u00e7\u00e3o como ferramenta de emancipa\u00e7\u00e3o dos territ\u00f3rios e amplia\u00e7\u00e3o do espa\u00e7o c\u00edvico na Amaz\u00f4nia. <\/span><\/p>\t\t\t\t\t\t\t\t<\/div>\n\t\t\t\t<\/div>\n\t\t\t\t<div class=\"elementor-element elementor-element-f783d8a elementor-widget elementor-widget-elementskit-dual-button\" data-id=\"f783d8a\" data-element_type=\"widget\" data-e-type=\"widget\" data-widget_type=\"elementskit-dual-button.default\">\n\t\t\t\t<div class=\"elementor-widget-container\">\n\t\t\t\t\t<div class=\"ekit-wid-con\" >\n                <div class=\"ekit-element-align-wrapper\">\n                    <div class=\"ekit_double_button\">                <a class=\"ekit-double-btn ekit-double-btn-one\" href=\"https:\/\/nacuia.org\/nossa-historia\">\n                    Saiba mais                <\/a>\n                  <\/div>\n                <\/div>\n            <\/div>\t\t\t\t<\/div>\n\t\t\t\t<\/div>\n\t\t\t\t<\/div>\n\t\t\t\t<div class=\"elementor-element elementor-element-3084551 elementor-widget-tablet__width-initial elementor-widget elementor-widget-menu-anchor\" data-id=\"3084551\" data-element_type=\"widget\" data-e-type=\"widget\" data-widget_type=\"menu-anchor.default\">\n\t\t\t\t<div class=\"elementor-widget-container\">\n\t\t\t\t\t\t\t<div class=\"elementor-menu-anchor\" id=\"oferecemos\"><\/div>\n\t\t\t\t\t\t<\/div>\n\t\t\t\t<\/div>\n\t\t<div class=\"elementor-element elementor-element-daad2fc e-con-full animated-fast e-flex elementor-invisible e-con e-child\" data-id=\"daad2fc\" data-element_type=\"container\" data-e-type=\"container\" data-settings=\"{&quot;animation&quot;:&quot;fadeInRight&quot;}\">\n\t\t\t\t<div class=\"elementor-element elementor-element-fe4405a elementor-widget-mobile__width-inherit elementor-widget elementor-widget-image\" data-id=\"fe4405a\" data-element_type=\"widget\" data-e-type=\"widget\" data-widget_type=\"image.default\">\n\t\t\t\t<div class=\"elementor-widget-container\">\n\t\t\t\t\t\t\t\t\t\t\t\t\t\t\t<img loading=\"lazy\" decoding=\"async\" width=\"2501\" height=\"2500\" src=\"https:\/\/nacuia.org\/wp-content\/uploads\/2025\/09\/carranca-vermelha.png\" class=\"attachment-full size-full wp-image-1074\" alt=\"\" srcset=\"https:\/\/nacuia.org\/wp-content\/uploads\/2025\/09\/carranca-vermelha.png 2501w, https:\/\/nacuia.org\/wp-content\/uploads\/2025\/09\/carranca-vermelha-300x300.png 300w, https:\/\/nacuia.org\/wp-content\/uploads\/2025\/09\/carranca-vermelha-1024x1024.png 1024w, https:\/\/nacuia.org\/wp-content\/uploads\/2025\/09\/carranca-vermelha-150x150.png 150w, https:\/\/nacuia.org\/wp-content\/uploads\/2025\/09\/carranca-vermelha-768x768.png 768w, https:\/\/nacuia.org\/wp-content\/uploads\/2025\/09\/carranca-vermelha-1536x1536.png 1536w, https:\/\/nacuia.org\/wp-content\/uploads\/2025\/09\/carranca-vermelha-2048x2048.png 2048w\" sizes=\"(max-width: 2501px) 100vw, 2501px\" \/>\t\t\t\t\t\t\t\t\t\t\t\t\t\t\t<\/div>\n\t\t\t\t<\/div>\n\t\t\t\t<\/div>\n\t\t\t\t\t<\/div>\n\t\t\t\t<\/div>\n\t\t<div class=\"elementor-element elementor-element-1c70a26 e-flex e-con-boxed e-con e-parent\" data-id=\"1c70a26\" data-element_type=\"container\" data-e-type=\"container\">\n\t\t\t\t\t<div class=\"e-con-inner\">\n\t\t<div class=\"elementor-element elementor-element-b5c1a60 e-con-full e-flex e-con e-child\" data-id=\"b5c1a60\" data-element_type=\"container\" data-e-type=\"container\">\n\t\t\t\t<div class=\"elementor-element elementor-element-66ede99 elementor-widget elementor-widget-heading\" data-id=\"66ede99\" data-element_type=\"widget\" data-e-type=\"widget\" data-widget_type=\"heading.default\">\n\t\t\t\t<div class=\"elementor-widget-container\">\n\t\t\t\t\t<h2 class=\"elementor-heading-title elementor-size-default\">Acompanhe nossos projetos<\/h2>\t\t\t\t<\/div>\n\t\t\t\t<\/div>\n\t\t\t\t<div class=\"elementor-element elementor-element-fd9e0c5 elementor-grid-4 elementor-grid-tablet-2 elementor-grid-mobile-1 elementor-posts--thumbnail-top elementor-widget elementor-widget-posts\" data-id=\"fd9e0c5\" data-element_type=\"widget\" data-e-type=\"widget\" data-settings=\"{&quot;classic_columns&quot;:&quot;4&quot;,&quot;classic_columns_tablet&quot;:&quot;2&quot;,&quot;classic_columns_mobile&quot;:&quot;1&quot;,&quot;classic_row_gap&quot;:{&quot;unit&quot;:&quot;px&quot;,&quot;size&quot;:35,&quot;sizes&quot;:[]},&quot;classic_row_gap_widescreen&quot;:{&quot;unit&quot;:&quot;px&quot;,&quot;size&quot;:&quot;&quot;,&quot;sizes&quot;:[]},&quot;classic_row_gap_laptop&quot;:{&quot;unit&quot;:&quot;px&quot;,&quot;size&quot;:&quot;&quot;,&quot;sizes&quot;:[]},&quot;classic_row_gap_tablet_extra&quot;:{&quot;unit&quot;:&quot;px&quot;,&quot;size&quot;:&quot;&quot;,&quot;sizes&quot;:[]},&quot;classic_row_gap_tablet&quot;:{&quot;unit&quot;:&quot;px&quot;,&quot;size&quot;:&quot;&quot;,&quot;sizes&quot;:[]},&quot;classic_row_gap_mobile&quot;:{&quot;unit&quot;:&quot;px&quot;,&quot;size&quot;:&quot;&quot;,&quot;sizes&quot;:[]}}\" data-widget_type=\"posts.classic\">\n\t\t\t\t<div class=\"elementor-widget-container\">\n\t\t\t\t\t\t\t<div class=\"elementor-posts-container elementor-posts elementor-posts--skin-classic elementor-grid\">\n\t\t\t\t<article class=\"elementor-post elementor-grid-item post-1255 post type-post status-publish format-standard has-post-thumbnail hentry category-projetos tag-projetos\">\n\t\t\t\t<a class=\"elementor-post__thumbnail__link\" href=\"https:\/\/nacuia.org\/en\/criptocuia\/\" tabindex=\"-1\" >\n\t\t\t<div class=\"elementor-post__thumbnail\"><img loading=\"lazy\" decoding=\"async\" width=\"300\" height=\"240\" src=\"https:\/\/nacuia.org\/wp-content\/uploads\/2025\/09\/CriptoCuia-218-300x240.jpg\" class=\"attachment-medium size-medium wp-image-1535\" alt=\"https:\/\/criptocuia.org\/ CriptoCuia-218.jpg Somos um evento cultural gratuito e uma plataforma de multilinguagens, com oficinas, debates e festas, traz a proposta de falar sobre Seguran\u00e7a e Direitos Digitais, Cultura Popular e Justi\u00e7a Ambiental e Clim\u00e1tica na Amaz\u00f4nia Paraense\" srcset=\"https:\/\/nacuia.org\/wp-content\/uploads\/2025\/09\/CriptoCuia-218-300x240.jpg 300w, https:\/\/nacuia.org\/wp-content\/uploads\/2025\/09\/CriptoCuia-218-1024x819.jpg 1024w, https:\/\/nacuia.org\/wp-content\/uploads\/2025\/09\/CriptoCuia-218-768x614.jpg 768w, https:\/\/nacuia.org\/wp-content\/uploads\/2025\/09\/CriptoCuia-218-1536x1229.jpg 1536w, https:\/\/nacuia.org\/wp-content\/uploads\/2025\/09\/CriptoCuia-218-2048x1638.jpg 2048w, https:\/\/nacuia.org\/wp-content\/uploads\/2025\/09\/CriptoCuia-218-15x12.jpg 15w\" sizes=\"(max-width: 300px) 100vw, 300px\" \/><\/div>\n\t\t<\/a>\n\t\t\t\t<div class=\"elementor-post__text\">\n\t\t\t\t<h3 class=\"elementor-post__title\">\n\t\t\t<a href=\"https:\/\/nacuia.org\/en\/criptocuia\/\" >\n\t\t\t\tCriptoCuia\t\t\t<\/a>\n\t\t<\/h3>\n\t\t\t\t<div class=\"elementor-post__meta-data\">\n\t\t\t\t\t<span class=\"elementor-post-date\">\n\t\t\t04\/09\/2025\t\t<\/span>\n\t\t\t\t<span class=\"elementor-post-avatar\">\n\t\t\tNo Comments\t\t<\/span>\n\t\t\t\t<\/div>\n\t\t\t\t<div class=\"elementor-post__excerpt\">\n\t\t\t<p>Somos um evento cultural gratuito e uma plataforma de multilinguagens, com oficinas, debates e festas, traz a proposta de falar sobre Seguran\u00e7a e Direitos Digitais,<\/p>\n\t\t<\/div>\n\t\t\n\t\t<a class=\"elementor-post__read-more\" href=\"https:\/\/nacuia.org\/en\/criptocuia\/\" aria-label=\"Read more about CriptoCuia\" tabindex=\"-1\" >\n\t\t\tLeia mais &gt;&gt;\t\t<\/a>\n\n\t\t\t\t<\/div>\n\t\t\t\t<\/article>\n\t\t\t\t<article class=\"elementor-post elementor-grid-item post-1282 post type-post status-publish format-standard has-post-thumbnail hentry category-projetos tag-projetos\">\n\t\t\t\t<a class=\"elementor-post__thumbnail__link\" href=\"https:\/\/nacuia.org\/en\/cuidando-delas\/\" tabindex=\"-1\" >\n\t\t\t<div class=\"elementor-post__thumbnail\"><img loading=\"lazy\" decoding=\"async\" width=\"300\" height=\"169\" src=\"https:\/\/nacuia.org\/wp-content\/uploads\/2025\/09\/Cuidando-Delas-300x169.png\" class=\"attachment-medium size-medium wp-image-1527\" alt=\"Programa de escuta e democratiza\u00e7\u00e3o de informa\u00e7\u00f5es voltado para ativistas e defensores de direitos humanos. A iniciativa promove o cuidado individual e coletivo, criando espa\u00e7os seguros que possibilitam o fortalecimento da resili\u00eancia e a continuidade das lutas sociais. O objetivo \u00e9 apoiar quem est\u00e1 na linha de frente, garantindo acolhimento, acesso a informa\u00e7\u00f5es e pr\u00e1ticas de bem-viver.\" srcset=\"https:\/\/nacuia.org\/wp-content\/uploads\/2025\/09\/Cuidando-Delas-300x169.png 300w, https:\/\/nacuia.org\/wp-content\/uploads\/2025\/09\/Cuidando-Delas-1024x576.png 1024w, https:\/\/nacuia.org\/wp-content\/uploads\/2025\/09\/Cuidando-Delas-768x432.png 768w, https:\/\/nacuia.org\/wp-content\/uploads\/2025\/09\/Cuidando-Delas-1536x864.png 1536w, https:\/\/nacuia.org\/wp-content\/uploads\/2025\/09\/Cuidando-Delas-2048x1152.png 2048w, https:\/\/nacuia.org\/wp-content\/uploads\/2025\/09\/Cuidando-Delas-18x10.png 18w\" sizes=\"(max-width: 300px) 100vw, 300px\" \/><\/div>\n\t\t<\/a>\n\t\t\t\t<div class=\"elementor-post__text\">\n\t\t\t\t<h3 class=\"elementor-post__title\">\n\t\t\t<a href=\"https:\/\/nacuia.org\/en\/cuidando-delas\/\" >\n\t\t\t\tCuidando Delas\t\t\t<\/a>\n\t\t<\/h3>\n\t\t\t\t<div class=\"elementor-post__meta-data\">\n\t\t\t\t\t<span class=\"elementor-post-date\">\n\t\t\t08\/09\/2025\t\t<\/span>\n\t\t\t\t<span class=\"elementor-post-avatar\">\n\t\t\tNo Comments\t\t<\/span>\n\t\t\t\t<\/div>\n\t\t\t\t<div class=\"elementor-post__excerpt\">\n\t\t\t<p>Programa de escuta e democratiza\u00e7\u00e3o de informa\u00e7\u00f5es voltado para ativistas e defensores de direitos humanos. A iniciativa promove o cuidado individual e coletivo, criando espa\u00e7os<\/p>\n\t\t<\/div>\n\t\t\n\t\t<a class=\"elementor-post__read-more\" href=\"https:\/\/nacuia.org\/en\/cuidando-delas\/\" aria-label=\"Read more about Cuidando Delas\" tabindex=\"-1\" >\n\t\t\tLeia mais &gt;&gt;\t\t<\/a>\n\n\t\t\t\t<\/div>\n\t\t\t\t<\/article>\n\t\t\t\t<article class=\"elementor-post elementor-grid-item post-1284 post type-post status-publish format-standard has-post-thumbnail hentry category-projetos tag-projetos\">\n\t\t\t\t<a class=\"elementor-post__thumbnail__link\" href=\"https:\/\/nacuia.org\/en\/festival-kuyera\/\" tabindex=\"-1\" >\n\t\t\t<div class=\"elementor-post__thumbnail\"><img loading=\"lazy\" decoding=\"async\" width=\"300\" height=\"169\" src=\"https:\/\/nacuia.org\/wp-content\/uploads\/2025\/09\/Climart-300x169.png\" class=\"attachment-medium size-medium wp-image-1521\" alt=\"Climart Plataforma de ARTivismo Clim\u00e1tico que mobiliza crian\u00e7as, adolescentes e jovens para dialogar sobre mudan\u00e7as clim\u00e1ticas atrav\u00e9s de oficinas de reciclagem, colagem, m\u00fasica, misturando arte com consci\u00eancia ambiental.\" srcset=\"https:\/\/nacuia.org\/wp-content\/uploads\/2025\/09\/Climart-300x169.png 300w, https:\/\/nacuia.org\/wp-content\/uploads\/2025\/09\/Climart-1024x576.png 1024w, https:\/\/nacuia.org\/wp-content\/uploads\/2025\/09\/Climart-768x432.png 768w, https:\/\/nacuia.org\/wp-content\/uploads\/2025\/09\/Climart-1536x864.png 1536w, https:\/\/nacuia.org\/wp-content\/uploads\/2025\/09\/Climart-18x10.png 18w, https:\/\/nacuia.org\/wp-content\/uploads\/2025\/09\/Climart.png 1920w\" sizes=\"(max-width: 300px) 100vw, 300px\" \/><\/div>\n\t\t<\/a>\n\t\t\t\t<div class=\"elementor-post__text\">\n\t\t\t\t<h3 class=\"elementor-post__title\">\n\t\t\t<a href=\"https:\/\/nacuia.org\/en\/festival-kuyera\/\" >\n\t\t\t\tClimart\t\t\t<\/a>\n\t\t<\/h3>\n\t\t\t\t<div class=\"elementor-post__meta-data\">\n\t\t\t\t\t<span class=\"elementor-post-date\">\n\t\t\t08\/09\/2025\t\t<\/span>\n\t\t\t\t<span class=\"elementor-post-avatar\">\n\t\t\tNo Comments\t\t<\/span>\n\t\t\t\t<\/div>\n\t\t\t\t<div class=\"elementor-post__excerpt\">\n\t\t\t<p>Plataforma de ARTivismo Clim\u00e1tico que mobiliza crian\u00e7as, adolescentes e jovens para dialogar sobre mudan\u00e7as clim\u00e1ticas atrav\u00e9s de oficinas de reciclagem, colagem, m\u00fasica, misturando arte com<\/p>\n\t\t<\/div>\n\t\t\n\t\t<a class=\"elementor-post__read-more\" href=\"https:\/\/nacuia.org\/en\/festival-kuyera\/\" aria-label=\"Read more about Climart\" tabindex=\"-1\" >\n\t\t\tLeia mais &gt;&gt;\t\t<\/a>\n\n\t\t\t\t<\/div>\n\t\t\t\t<\/article>\n\t\t\t\t<article class=\"elementor-post elementor-grid-item post-1286 post type-post status-publish format-standard has-post-thumbnail hentry category-projetos tag-projetos\">\n\t\t\t\t<a class=\"elementor-post__thumbnail__link\" href=\"https:\/\/nacuia.org\/en\/mestres-e-mestras-da-cultura-popular-paraense\/\" tabindex=\"-1\" >\n\t\t\t<div class=\"elementor-post__thumbnail\"><img loading=\"lazy\" decoding=\"async\" width=\"300\" height=\"225\" src=\"https:\/\/nacuia.org\/wp-content\/uploads\/2025\/09\/Formacao-Comite-47-1-300x225.jpg\" class=\"attachment-medium size-medium wp-image-1510\" alt=\"Comit\u00ea de Comunicadores Populares das Baixadas de Bel\u00e9m\" srcset=\"https:\/\/nacuia.org\/wp-content\/uploads\/2025\/09\/Formacao-Comite-47-1-300x225.jpg 300w, https:\/\/nacuia.org\/wp-content\/uploads\/2025\/09\/Formacao-Comite-47-1-1024x768.jpg 1024w, https:\/\/nacuia.org\/wp-content\/uploads\/2025\/09\/Formacao-Comite-47-1-768x576.jpg 768w, https:\/\/nacuia.org\/wp-content\/uploads\/2025\/09\/Formacao-Comite-47-1-1536x1152.jpg 1536w, https:\/\/nacuia.org\/wp-content\/uploads\/2025\/09\/Formacao-Comite-47-1-16x12.jpg 16w, https:\/\/nacuia.org\/wp-content\/uploads\/2025\/09\/Formacao-Comite-47-1.jpg 2048w\" sizes=\"(max-width: 300px) 100vw, 300px\" \/><\/div>\n\t\t<\/a>\n\t\t\t\t<div class=\"elementor-post__text\">\n\t\t\t\t<h3 class=\"elementor-post__title\">\n\t\t\t<a href=\"https:\/\/nacuia.org\/en\/mestres-e-mestras-da-cultura-popular-paraense\/\" >\n\t\t\t\tComit\u00ea de Comunicadores Populares das Baixadas de Bel\u00e9m\t\t\t<\/a>\n\t\t<\/h3>\n\t\t\t\t<div class=\"elementor-post__meta-data\">\n\t\t\t\t\t<span class=\"elementor-post-date\">\n\t\t\t08\/09\/2025\t\t<\/span>\n\t\t\t\t<span class=\"elementor-post-avatar\">\n\t\t\tNo Comments\t\t<\/span>\n\t\t\t\t<\/div>\n\t\t\t\t<div class=\"elementor-post__excerpt\">\n\t\t\t<p>Saiba mais<\/p>\n\t\t<\/div>\n\t\t\n\t\t<a class=\"elementor-post__read-more\" href=\"https:\/\/nacuia.org\/en\/mestres-e-mestras-da-cultura-popular-paraense\/\" aria-label=\"Read more about Comit\u00ea de Comunicadores Populares das Baixadas de Bel\u00e9m\" tabindex=\"-1\" >\n\t\t\tLeia mais &gt;&gt;\t\t<\/a>\n\n\t\t\t\t<\/div>\n\t\t\t\t<\/article>\n\t\t\t\t<\/div>\n\t\t\n\t\t\t\t\t\t<\/div>\n\t\t\t\t<\/div>\n\t\t\t\t<\/div>\n\t\t\t\t\t<\/div>\n\t\t\t\t<\/div>\n\t\t<div class=\"elementor-element elementor-element-f6046cc e-flex e-con-boxed e-con e-parent\" data-id=\"f6046cc\" data-element_type=\"container\" data-e-type=\"container\" data-settings=\"{&quot;background_background&quot;:&quot;classic&quot;}\">\n\t\t\t\t\t<div class=\"e-con-inner\">\n\t\t<div class=\"elementor-element elementor-element-fabf8f1 e-con-full e-flex e-con e-child\" data-id=\"fabf8f1\" data-element_type=\"container\" data-e-type=\"container\">\n\t\t\t\t<div class=\"elementor-element elementor-element-5fb296a elementor-widget elementor-widget-heading\" data-id=\"5fb296a\" data-element_type=\"widget\" data-e-type=\"widget\" data-widget_type=\"heading.default\">\n\t\t\t\t<div class=\"elementor-widget-container\">\n\t\t\t\t\t<h2 class=\"elementor-heading-title elementor-size-default\">Nossa Hist\u00f3ria<\/h2>\t\t\t\t<\/div>\n\t\t\t\t<\/div>\n\t\t\t\t<div class=\"elementor-element elementor-element-0325934 elementor-widget elementor-widget-text-editor\" data-id=\"0325934\" data-element_type=\"widget\" data-e-type=\"widget\" data-widget_type=\"text-editor.default\">\n\t\t\t\t<div class=\"elementor-widget-container\">\n\t\t\t\t\t\t\t\t\t<p>Nascemos em 2015 como revista universit\u00e1ria. Crescemos, nos transformamos em produtora cultural e hoje seguimos firmes como associa\u00e7\u00e3o que amplia narrativas amaz\u00f4nicas e promove impacto social.<\/p>\t\t\t\t\t\t\t\t<\/div>\n\t\t\t\t<\/div>\n\t\t\t\t<div class=\"elementor-element elementor-element-2591daf elementor-widget elementor-widget-elementskit-dual-button\" data-id=\"2591daf\" data-element_type=\"widget\" data-e-type=\"widget\" data-widget_type=\"elementskit-dual-button.default\">\n\t\t\t\t<div class=\"elementor-widget-container\">\n\t\t\t\t\t<div class=\"ekit-wid-con\" >\n                <div class=\"ekit-element-align-wrapper\">\n                    <div class=\"ekit_double_button\">                <a class=\"ekit-double-btn ekit-double-btn-one\" href=\"\/nossa-historia\/\">\n                    saiba mais                <\/a>\n                  <\/div>\n                <\/div>\n            <\/div>\t\t\t\t<\/div>\n\t\t\t\t<\/div>\n\t\t\t\t<\/div>\n\t\t<div class=\"elementor-element elementor-element-c3e8b3c e-con-full animated-fast e-flex elementor-invisible e-con e-child\" data-id=\"c3e8b3c\" data-element_type=\"container\" data-e-type=\"container\" data-settings=\"{&quot;animation&quot;:&quot;fadeInRight&quot;}\">\n\t\t\t\t<div class=\"elementor-element elementor-element-628c990 elementor-widget elementor-widget-menu-anchor\" data-id=\"628c990\" data-element_type=\"widget\" data-e-type=\"widget\" data-widget_type=\"menu-anchor.default\">\n\t\t\t\t<div class=\"elementor-widget-container\">\n\t\t\t\t\t\t\t<div class=\"elementor-menu-anchor\" id=\"facilidades\"><\/div>\n\t\t\t\t\t\t<\/div>\n\t\t\t\t<\/div>\n\t\t\t\t<div class=\"elementor-element elementor-element-31c6192 elementor-widget elementor-widget-image\" data-id=\"31c6192\" data-element_type=\"widget\" data-e-type=\"widget\" data-widget_type=\"image.default\">\n\t\t\t\t<div class=\"elementor-widget-container\">\n\t\t\t\t\t\t\t\t\t\t\t\t\t\t\t<img loading=\"lazy\" decoding=\"async\" width=\"2501\" height=\"2501\" src=\"https:\/\/nacuia.org\/wp-content\/uploads\/2025\/09\/pirarucu-roxo.png\" class=\"attachment-full size-full wp-image-1132\" alt=\"\" srcset=\"https:\/\/nacuia.org\/wp-content\/uploads\/2025\/09\/pirarucu-roxo.png 2501w, https:\/\/nacuia.org\/wp-content\/uploads\/2025\/09\/pirarucu-roxo-300x300.png 300w, https:\/\/nacuia.org\/wp-content\/uploads\/2025\/09\/pirarucu-roxo-1024x1024.png 1024w, https:\/\/nacuia.org\/wp-content\/uploads\/2025\/09\/pirarucu-roxo-150x150.png 150w, https:\/\/nacuia.org\/wp-content\/uploads\/2025\/09\/pirarucu-roxo-768x768.png 768w, https:\/\/nacuia.org\/wp-content\/uploads\/2025\/09\/pirarucu-roxo-1536x1536.png 1536w, https:\/\/nacuia.org\/wp-content\/uploads\/2025\/09\/pirarucu-roxo-2048x2048.png 2048w\" sizes=\"(max-width: 2501px) 100vw, 2501px\" \/>\t\t\t\t\t\t\t\t\t\t\t\t\t\t\t<\/div>\n\t\t\t\t<\/div>\n\t\t\t\t<\/div>\n\t\t\t\t\t<\/div>\n\t\t\t\t<\/div>\n\t\t<div class=\"elementor-element elementor-element-cc8b340 e-flex e-con-boxed e-con e-parent\" data-id=\"cc8b340\" data-element_type=\"container\" data-e-type=\"container\" data-settings=\"{&quot;background_background&quot;:&quot;classic&quot;}\">\n\t\t\t\t\t<div class=\"e-con-inner\">\n\t\t<div class=\"elementor-element elementor-element-c05d9b9 e-con-full e-flex e-con e-child\" data-id=\"c05d9b9\" data-element_type=\"container\" data-e-type=\"container\">\n\t\t\t\t<div class=\"elementor-element elementor-element-b2c87f7 elementor-widget elementor-widget-menu-anchor\" data-id=\"b2c87f7\" data-element_type=\"widget\" data-e-type=\"widget\" data-widget_type=\"menu-anchor.default\">\n\t\t\t\t<div class=\"elementor-widget-container\">\n\t\t\t\t\t\t\t<div class=\"elementor-menu-anchor\" id=\"oferecemos\"><\/div>\n\t\t\t\t\t\t<\/div>\n\t\t\t\t<\/div>\n\t\t\t\t<div class=\"elementor-element elementor-element-100ee6c elementor-widget elementor-widget-heading\" data-id=\"100ee6c\" data-element_type=\"widget\" data-e-type=\"widget\" data-widget_type=\"heading.default\">\n\t\t\t\t<div class=\"elementor-widget-container\">\n\t\t\t\t\t<h2 class=\"elementor-heading-title elementor-size-default\">Sobre<\/h2>\t\t\t\t<\/div>\n\t\t\t\t<\/div>\n\t\t\t\t<div class=\"elementor-element elementor-element-90510e6 elementor-widget elementor-widget-text-editor\" data-id=\"90510e6\" data-element_type=\"widget\" data-e-type=\"widget\" data-widget_type=\"text-editor.default\">\n\t\t\t\t<div class=\"elementor-widget-container\">\n\t\t\t\t\t\t\t\t\t<p><b>Hoje, na Na Cuia, vamos al\u00e9m dos nossos eixos iniciais de cultura e comunica\u00e7\u00e3o, integrando tamb\u00e9m a luta pela justi\u00e7a ambiental e pela equidade.<\/b><\/p><p>\u00a0<\/p><p><b>Nosso trabalho est\u00e1 profundamente ligado \u00e0s realidades da popula\u00e7\u00e3o amaz\u00f4nica, das pessoas racializadas, LGBTQIAPN+ e das comunidades perif\u00e9ricas e tradicionais, promovendo inclus\u00e3o e justi\u00e7a social. Com uma abordagem coletiva, decolonial e territorial, desenvolvemos projetos e a\u00e7\u00f5es em parceria com organiza\u00e7\u00f5es, coletivos e ativistas. <\/b><\/p><p>\u00a0<\/p><p><b>Nosso foco \u00e9 combater o racismo ambiental, a exclus\u00e3o digital e a desinforma\u00e7\u00e3o, promovendo a educa\u00e7\u00e3o digital, a inclus\u00e3o profissional e a democratiza\u00e7\u00e3o da comunica\u00e7\u00e3o, sempre com responsabilidade socioambiental.<\/b><\/p>\t\t\t\t\t\t\t\t<\/div>\n\t\t\t\t<\/div>\n\t\t\t\t<\/div>\n\t\t<div class=\"elementor-element elementor-element-2a70761 e-con-full animated-fast e-flex elementor-invisible e-con e-child\" data-id=\"2a70761\" data-element_type=\"container\" data-e-type=\"container\" data-settings=\"{&quot;animation&quot;:&quot;fadeInRight&quot;}\">\n\t\t\t\t<div class=\"elementor-element elementor-element-5c64186 elementor-widget-mobile__width-inherit elementor-widget elementor-widget-image\" data-id=\"5c64186\" data-element_type=\"widget\" data-e-type=\"widget\" data-settings=\"{&quot;motion_fx_motion_fx_scrolling&quot;:&quot;yes&quot;,&quot;_animation_widescreen&quot;:&quot;fadeInRight&quot;,&quot;motion_fx_devices&quot;:[&quot;widescreen&quot;,&quot;desktop&quot;,&quot;laptop&quot;,&quot;tablet_extra&quot;,&quot;tablet&quot;,&quot;mobile&quot;]}\" data-widget_type=\"image.default\">\n\t\t\t\t<div class=\"elementor-widget-container\">\n\t\t\t\t\t\t\t\t\t\t\t\t\t\t\t<img loading=\"lazy\" decoding=\"async\" width=\"2500\" height=\"2501\" src=\"https:\/\/nacuia.org\/wp-content\/uploads\/2025\/09\/tambor-rosa.png\" class=\"attachment-full size-full wp-image-1151\" alt=\"\" srcset=\"https:\/\/nacuia.org\/wp-content\/uploads\/2025\/09\/tambor-rosa.png 2500w, https:\/\/nacuia.org\/wp-content\/uploads\/2025\/09\/tambor-rosa-300x300.png 300w, https:\/\/nacuia.org\/wp-content\/uploads\/2025\/09\/tambor-rosa-1024x1024.png 1024w, https:\/\/nacuia.org\/wp-content\/uploads\/2025\/09\/tambor-rosa-150x150.png 150w, https:\/\/nacuia.org\/wp-content\/uploads\/2025\/09\/tambor-rosa-768x768.png 768w, https:\/\/nacuia.org\/wp-content\/uploads\/2025\/09\/tambor-rosa-1536x1536.png 1536w, https:\/\/nacuia.org\/wp-content\/uploads\/2025\/09\/tambor-rosa-2048x2048.png 2048w\" sizes=\"(max-width: 2500px) 100vw, 2500px\" \/>\t\t\t\t\t\t\t\t\t\t\t\t\t\t\t<\/div>\n\t\t\t\t<\/div>\n\t\t\t\t<\/div>\n\t\t\t\t\t<\/div>\n\t\t\t\t<\/div>\n\t\t<div class=\"elementor-element elementor-element-7be7ba8 e-flex e-con-boxed e-con e-parent\" data-id=\"7be7ba8\" data-element_type=\"container\" data-e-type=\"container\">\n\t\t\t\t\t<div class=\"e-con-inner\">\n\t\t<div class=\"elementor-element elementor-element-e583537 e-con-full e-flex e-con e-child\" data-id=\"e583537\" data-element_type=\"container\" data-e-type=\"container\">\n\t\t\t\t<div class=\"elementor-element elementor-element-506eeeb elementor-widget elementor-widget-image\" data-id=\"506eeeb\" data-element_type=\"widget\" data-e-type=\"widget\" data-settings=\"{&quot;_animation_laptop&quot;:&quot;fadeInDown&quot;,&quot;_animation_widescreen&quot;:&quot;fadeInDown&quot;}\" data-widget_type=\"image.default\">\n\t\t\t\t<div class=\"elementor-widget-container\">\n\t\t\t\t\t\t\t\t\t\t\t\t\t\t\t<img loading=\"lazy\" decoding=\"async\" width=\"225\" height=\"300\" src=\"https:\/\/nacuia.org\/wp-content\/uploads\/2025\/10\/WhatsApp-Image-2025-10-03-at-17.58.14-225x300.jpeg\" class=\"attachment-medium size-medium wp-image-1567\" alt=\"Nascemos em 2015 com um prop\u00f3sito claro: desafiar as narrativas estereotipadas e negativas que a m\u00eddia tradicional impunha \u00e0s manifesta\u00e7\u00f5es culturais perif\u00e9ricas. Com o olhar de quem vive e faz cultura em nossas terras, come\u00e7amos produzindo mat\u00e9rias jornal\u00edsticas pautadas na representatividade, na equidade de g\u00eanero e na valoriza\u00e7\u00e3o da nossa identidade.\" srcset=\"https:\/\/nacuia.org\/wp-content\/uploads\/2025\/10\/WhatsApp-Image-2025-10-03-at-17.58.14-225x300.jpeg 225w, https:\/\/nacuia.org\/wp-content\/uploads\/2025\/10\/WhatsApp-Image-2025-10-03-at-17.58.14-768x1024.jpeg 768w, https:\/\/nacuia.org\/wp-content\/uploads\/2025\/10\/WhatsApp-Image-2025-10-03-at-17.58.14-9x12.jpeg 9w, https:\/\/nacuia.org\/wp-content\/uploads\/2025\/10\/WhatsApp-Image-2025-10-03-at-17.58.14.jpeg 960w\" sizes=\"(max-width: 225px) 100vw, 225px\" \/>\t\t\t\t\t\t\t\t\t\t\t\t\t\t\t<\/div>\n\t\t\t\t<\/div>\n\t\t\t\t<div class=\"elementor-element elementor-element-27195fd elementor-widget elementor-widget-heading\" data-id=\"27195fd\" data-element_type=\"widget\" data-e-type=\"widget\" data-settings=\"{&quot;_animation_widescreen&quot;:&quot;fadeIn&quot;}\" data-widget_type=\"heading.default\">\n\t\t\t\t<div class=\"elementor-widget-container\">\n\t\t\t\t\t<h2 class=\"elementor-heading-title elementor-size-default\">Paulie Amaral\n<\/h2>\t\t\t\t<\/div>\n\t\t\t\t<\/div>\n\t\t\t\t<div class=\"elementor-element elementor-element-d97b940 elementor-widget elementor-widget-text-editor\" data-id=\"d97b940\" data-element_type=\"widget\" data-e-type=\"widget\" data-widget_type=\"text-editor.default\">\n\t\t\t\t<div class=\"elementor-widget-container\">\n\t\t\t\t\t\t\t\t\t<p><b><br \/><\/b><b>Coordena\u00e7\u00e3o Geral de Projetos\u00a0<\/b><\/p><p><span style=\"font-weight: 400;\">Pessoa LGBTI+, comunicadora popular, gestora e ativista clim\u00e1tica na Amaz\u00f4nia. Coordena iniciativas que integram cultura, tecnologia e justi\u00e7a socioambiental, com forte atua\u00e7\u00e3o em defesa da cidadania digital e dos direitos das juventudes. Seu trabalho potencializa as pautas do clima, da cultura e da comunica\u00e7\u00e3o a partir das comunidades perif\u00e9ricas e tradicionais amaz\u00f4nicas.<\/span><\/p>\t\t\t\t\t\t\t\t<\/div>\n\t\t\t\t<\/div>\n\t\t\t\t<\/div>\n\t\t<div class=\"elementor-element elementor-element-08f56d6 e-con-full e-flex e-con e-child\" data-id=\"08f56d6\" data-element_type=\"container\" data-e-type=\"container\">\n\t\t\t\t<div class=\"elementor-element elementor-element-de9a424 elementor-widget elementor-widget-image\" data-id=\"de9a424\" data-element_type=\"widget\" data-e-type=\"widget\" data-settings=\"{&quot;_animation_laptop&quot;:&quot;fadeInUp&quot;,&quot;_animation_widescreen&quot;:&quot;fadeInUp&quot;}\" data-widget_type=\"image.default\">\n\t\t\t\t<div class=\"elementor-widget-container\">\n\t\t\t\t\t\t\t\t\t\t\t\t\t\t\t<img loading=\"lazy\" decoding=\"async\" width=\"225\" height=\"300\" src=\"https:\/\/nacuia.org\/wp-content\/uploads\/2025\/09\/taina-barral-225x300.jpeg\" class=\"attachment-medium size-medium wp-image-1464\" alt=\"Jornalista e Comunicadora social, cria do bairro do Guam\u00e1, periferia de Bel\u00e9m do Par\u00e1, na Amaz\u00f4nia. Bissexual atua na constru\u00e7\u00e3o de projetos antirracistas que valorizam a cultura popular e perif\u00e9rica, defendem os direitos das comunidades tradicionais amaz\u00f4nicas e promovem a equidade de g\u00eanero e ra\u00e7a. Sua trajet\u00f3ria se conecta \u00e0 comunica\u00e7\u00e3o, \u00e0 produ\u00e7\u00e3o cultural e \u00e0 educa\u00e7\u00e3o popular com foco na justi\u00e7a social e ambiental.\" srcset=\"https:\/\/nacuia.org\/wp-content\/uploads\/2025\/09\/taina-barral-225x300.jpeg 225w, https:\/\/nacuia.org\/wp-content\/uploads\/2025\/09\/taina-barral-768x1024.jpeg 768w, https:\/\/nacuia.org\/wp-content\/uploads\/2025\/09\/taina-barral-9x12.jpeg 9w, https:\/\/nacuia.org\/wp-content\/uploads\/2025\/09\/taina-barral.jpeg 960w\" sizes=\"(max-width: 225px) 100vw, 225px\" \/>\t\t\t\t\t\t\t\t\t\t\t\t\t\t\t<\/div>\n\t\t\t\t<\/div>\n\t\t\t\t<div class=\"elementor-element elementor-element-973d588 elementor-widget elementor-widget-heading\" data-id=\"973d588\" data-element_type=\"widget\" data-e-type=\"widget\" data-settings=\"{&quot;_animation_widescreen&quot;:&quot;fadeIn&quot;}\" data-widget_type=\"heading.default\">\n\t\t\t\t<div class=\"elementor-widget-container\">\n\t\t\t\t\t<h2 class=\"elementor-heading-title elementor-size-default\">Tain\u00e1 Barral<\/h2>\t\t\t\t<\/div>\n\t\t\t\t<\/div>\n\t\t\t\t<div class=\"elementor-element elementor-element-6bdba44 elementor-widget elementor-widget-text-editor\" data-id=\"6bdba44\" data-element_type=\"widget\" data-e-type=\"widget\" data-widget_type=\"text-editor.default\">\n\t\t\t\t<div class=\"elementor-widget-container\">\n\t\t\t\t\t\t\t\t\t<p><b><br \/><\/b><b>Diretora de Comunica\u00e7\u00e3o <\/b><\/p><p><span style=\"font-weight: 400;\">Jornalista e Comunicadora social, cria do bairro do Guam\u00e1, periferia de Bel\u00e9m do Par\u00e1, na Amaz\u00f4nia. Bissexual atua na constru\u00e7\u00e3o de projetos antirracistas que valorizam a cultura popular e perif\u00e9rica, defendem os direitos das comunidades tradicionais amaz\u00f4nicas e promovem a equidade de g\u00eanero e ra\u00e7a. Sua trajet\u00f3ria se conecta \u00e0 comunica\u00e7\u00e3o, \u00e0 produ\u00e7\u00e3o cultural e \u00e0 educa\u00e7\u00e3o popular com foco na justi\u00e7a social e ambiental.\u00a0<\/span><\/p><p><br \/><br \/><\/p>\t\t\t\t\t\t\t\t<\/div>\n\t\t\t\t<\/div>\n\t\t\t\t<\/div>\n\t\t<div class=\"elementor-element elementor-element-9708f9f e-con-full e-flex e-con e-child\" data-id=\"9708f9f\" data-element_type=\"container\" data-e-type=\"container\">\n\t\t\t\t<div class=\"elementor-element elementor-element-69c8af6 elementor-widget elementor-widget-image\" data-id=\"69c8af6\" data-element_type=\"widget\" data-e-type=\"widget\" data-settings=\"{&quot;_animation_laptop&quot;:&quot;fadeInDown&quot;,&quot;_animation_widescreen&quot;:&quot;fadeInDown&quot;}\" data-widget_type=\"image.default\">\n\t\t\t\t<div class=\"elementor-widget-container\">\n\t\t\t\t\t\t\t\t\t\t\t\t\t\t\t<img loading=\"lazy\" decoding=\"async\" width=\"200\" height=\"300\" src=\"https:\/\/nacuia.org\/wp-content\/uploads\/2025\/09\/Foto-Samara-Cheetara_site-Na-Cuia-200x300.jpeg\" class=\"attachment-medium size-medium wp-image-1487\" alt=\"Paula Amaral Foto Paula Amaral.jpeg Foto Samara Cheetara_site Na Cuia.jpeg Coordena\u00e7\u00e3o Geral de Projetos Pessoa LGBTI+, comunicadora popular, gestora e ativista clim\u00e1tica na Amaz\u00f4nia. Coordena iniciativas que integram cultura, tecnologia e justi\u00e7a socioambiental, com forte atua\u00e7\u00e3o em defesa da cidadania digital e dos direitos das juventudes. Seu trabalho potencializa as pautas do clima, da cultura e\" srcset=\"https:\/\/nacuia.org\/wp-content\/uploads\/2025\/09\/Foto-Samara-Cheetara_site-Na-Cuia-200x300.jpeg 200w, https:\/\/nacuia.org\/wp-content\/uploads\/2025\/09\/Foto-Samara-Cheetara_site-Na-Cuia-8x12.jpeg 8w, https:\/\/nacuia.org\/wp-content\/uploads\/2025\/09\/Foto-Samara-Cheetara_site-Na-Cuia.jpeg 621w\" sizes=\"(max-width: 200px) 100vw, 200px\" \/>\t\t\t\t\t\t\t\t\t\t\t\t\t\t\t<\/div>\n\t\t\t\t<\/div>\n\t\t\t\t<div class=\"elementor-element elementor-element-f72eb81 elementor-widget elementor-widget-heading\" data-id=\"f72eb81\" data-element_type=\"widget\" data-e-type=\"widget\" data-settings=\"{&quot;_animation_widescreen&quot;:&quot;fadeIn&quot;}\" data-widget_type=\"heading.default\">\n\t\t\t\t<div class=\"elementor-widget-container\">\n\t\t\t\t\t<h2 class=\"elementor-heading-title elementor-size-default\">Samara Cheetara <\/h2>\t\t\t\t<\/div>\n\t\t\t\t<\/div>\n\t\t\t\t<div class=\"elementor-element elementor-element-493dbda elementor-widget elementor-widget-text-editor\" data-id=\"493dbda\" data-element_type=\"widget\" data-e-type=\"widget\" data-widget_type=\"text-editor.default\">\n\t\t\t\t<div class=\"elementor-widget-container\">\n\t\t\t\t\t\t\t\t\t<p><b><br \/><\/b><b>Secret\u00e1ria Multicultural<\/b><\/p><p><span style=\"font-weight: 400;\">Cria art\u00edstica de Icoaraci, com ra\u00edzes no Conjunto Maguari. Bissexual e professora de Qu\u00edmica formada pela UFPA, atua como comunicadora popular e artivista da juventude e do Carimb\u00f3. Desenvolve trabalhos de comunica\u00e7\u00e3o e produ\u00e7\u00e3o junto a mestres e mestras do Carimb\u00f3, fortalecendo a tradi\u00e7\u00e3o e a cultura popular amaz\u00f4nica.<\/span><\/p>\t\t\t\t\t\t\t\t<\/div>\n\t\t\t\t<\/div>\n\t\t\t\t<\/div>\n\t\t<div class=\"elementor-element elementor-element-7d3292d e-con-full e-flex e-con e-child\" data-id=\"7d3292d\" data-element_type=\"container\" data-e-type=\"container\">\n\t\t\t\t<div class=\"elementor-element elementor-element-2cb2e0c elementor-widget elementor-widget-image\" data-id=\"2cb2e0c\" data-element_type=\"widget\" data-e-type=\"widget\" data-settings=\"{&quot;_animation_laptop&quot;:&quot;fadeInUp&quot;,&quot;_animation_widescreen&quot;:&quot;fadeInUp&quot;}\" data-widget_type=\"image.default\">\n\t\t\t\t<div class=\"elementor-widget-container\">\n\t\t\t\t\t\t\t\t\t\t\t\t\t\t\t<img loading=\"lazy\" decoding=\"async\" width=\"200\" height=\"300\" src=\"https:\/\/nacuia.org\/wp-content\/uploads\/2025\/09\/Foto-Matheus-Botelho_para-site-200x300.png\" class=\"attachment-medium size-medium wp-image-1506\" alt=\"Matheus Botelho Foto Matheus Botelho_para site.png Coordena\u00e7\u00e3o Geral e Articula\u00e7\u00e3o Comunicador Social com habilita\u00e7\u00e3o em Jornalismo pela Universidade Federal do Par\u00e1 (UFPA), ativista, educador popular e produtor cultural. Bixa branca, cria da baixada \u00c1guas Brancas (Ananindeua PA), vivendo em Bel\u00e9m, atua nas pautas da cultura, clima, antiproibicionista, antiracista, direitos das popula\u00e7\u00f5es e comunidades tradicionais e LGBTI+.\" srcset=\"https:\/\/nacuia.org\/wp-content\/uploads\/2025\/09\/Foto-Matheus-Botelho_para-site-200x300.png 200w, https:\/\/nacuia.org\/wp-content\/uploads\/2025\/09\/Foto-Matheus-Botelho_para-site-681x1024.png 681w, https:\/\/nacuia.org\/wp-content\/uploads\/2025\/09\/Foto-Matheus-Botelho_para-site-768x1154.png 768w, https:\/\/nacuia.org\/wp-content\/uploads\/2025\/09\/Foto-Matheus-Botelho_para-site-1022x1536.png 1022w, https:\/\/nacuia.org\/wp-content\/uploads\/2025\/09\/Foto-Matheus-Botelho_para-site-1363x2048.png 1363w, https:\/\/nacuia.org\/wp-content\/uploads\/2025\/09\/Foto-Matheus-Botelho_para-site-8x12.png 8w\" sizes=\"(max-width: 200px) 100vw, 200px\" \/>\t\t\t\t\t\t\t\t\t\t\t\t\t\t\t<\/div>\n\t\t\t\t<\/div>\n\t\t\t\t<div class=\"elementor-element elementor-element-56e3000 elementor-widget elementor-widget-heading\" data-id=\"56e3000\" data-element_type=\"widget\" data-e-type=\"widget\" data-settings=\"{&quot;_animation_widescreen&quot;:&quot;fadeIn&quot;}\" data-widget_type=\"heading.default\">\n\t\t\t\t<div class=\"elementor-widget-container\">\n\t\t\t\t\t<h2 class=\"elementor-heading-title elementor-size-default\">Matheus Botelho<\/h2>\t\t\t\t<\/div>\n\t\t\t\t<\/div>\n\t\t\t\t<div class=\"elementor-element elementor-element-231dcab elementor-widget elementor-widget-text-editor\" data-id=\"231dcab\" data-element_type=\"widget\" data-e-type=\"widget\" data-widget_type=\"text-editor.default\">\n\t\t\t\t<div class=\"elementor-widget-container\">\n\t\t\t\t\t\t\t\t\t<p><b><br \/><\/b><b>Coordena\u00e7\u00e3o Geral e Articula\u00e7\u00e3o<\/b><\/p><p><span style=\"font-weight: 400;\">Comunicador Social com habilita\u00e7\u00e3o em Jornalismo pela Universidade Federal do Par\u00e1 (UFPA), ativista, educador popular e produtor cultural. Bixa branca, cria da baixada \u00c1guas Brancas (Ananindeua PA), vivendo em Bel\u00e9m, atua nas pautas da cultura, clima, antiproibicionista, antiracista, direitos das popula\u00e7\u00f5es e comunidades tradicionais e LGBTI+<\/span><\/p>\t\t\t\t\t\t\t\t<\/div>\n\t\t\t\t<\/div>\n\t\t\t\t<\/div>\n\t\t\t\t\t<\/div>\n\t\t\t\t<\/div>\n\t\t<div class=\"elementor-element elementor-element-5a46ed8 e-flex e-con-boxed e-con e-parent\" data-id=\"5a46ed8\" data-element_type=\"container\" data-e-type=\"container\" data-settings=\"{&quot;background_background&quot;:&quot;classic&quot;}\">\n\t\t\t\t\t<div class=\"e-con-inner\">\n\t\t<div class=\"elementor-element elementor-element-0278492 e-con-full e-flex e-con e-child\" data-id=\"0278492\" data-element_type=\"container\" data-e-type=\"container\">\n\t\t\t\t<div class=\"elementor-element elementor-element-ff30dd4 elementor-widget elementor-widget-menu-anchor\" data-id=\"ff30dd4\" data-element_type=\"widget\" data-e-type=\"widget\" data-widget_type=\"menu-anchor.default\">\n\t\t\t\t<div class=\"elementor-widget-container\">\n\t\t\t\t\t\t\t<div class=\"elementor-menu-anchor\" id=\"oferecemos\"><\/div>\n\t\t\t\t\t\t<\/div>\n\t\t\t\t<\/div>\n\t\t\t\t<div class=\"elementor-element elementor-element-89425ce elementor-widget elementor-widget-heading\" data-id=\"89425ce\" data-element_type=\"widget\" data-e-type=\"widget\" data-settings=\"{&quot;_animation_laptop&quot;:&quot;fadeInLeft&quot;}\" data-widget_type=\"heading.default\">\n\t\t\t\t<div class=\"elementor-widget-container\">\n\t\t\t\t\t<h2 class=\"elementor-heading-title elementor-size-default\">Portf\u00f3lio<\/h2>\t\t\t\t<\/div>\n\t\t\t\t<\/div>\n\t\t\t\t<div class=\"elementor-element elementor-element-b0d6fd8 elementor-widget elementor-widget-text-editor\" data-id=\"b0d6fd8\" data-element_type=\"widget\" data-e-type=\"widget\" data-widget_type=\"text-editor.default\">\n\t\t\t\t<div class=\"elementor-widget-container\">\n\t\t\t\t\t\t\t\t\t<p><span style=\"font-weight: 400;\">H\u00e1 10 anos, a Na Cuia atua oferecendo<\/span><b> servi\u00e7os de comunica\u00e7\u00e3o, produ\u00e7\u00e3o cultural e mobiliza\u00e7\u00e3o social<\/b><span style=\"font-weight: 400;\">, sempre com o compromisso de<\/span><b> f<\/b><span style=\"font-weight: 400;\">ortalecer causas e territ\u00f3rios amaz\u00f4nicos. Nossa trajet\u00f3ria re\u00fane experi\u00eancias em <\/span><b>assessoria de imprensa, forma\u00e7\u00f5es populares, campanhas de comunica\u00e7\u00e3o (designer, podcast, fotografia, audiovisual e mais), produ\u00e7\u00e3o cultural (com destaque para eventos) e a\u00e7\u00f5es de mobiliza\u00e7\u00e3o e artivismo<\/b><span style=\"font-weight: 400;\">. Conhe\u00e7a em detalhes nossos trabalhos acessando o portf\u00f3lio.<\/span><\/p>\t\t\t\t\t\t\t\t<\/div>\n\t\t\t\t<\/div>\n\t\t\t\t<div class=\"elementor-element elementor-element-8d465dd elementor-widget-elementskit-dual-button-start elementor-widget elementor-widget-elementskit-dual-button\" data-id=\"8d465dd\" data-element_type=\"widget\" data-e-type=\"widget\" data-widget_type=\"elementskit-dual-button.default\">\n\t\t\t\t<div class=\"elementor-widget-container\">\n\t\t\t\t\t<div class=\"ekit-wid-con\" >\n                <div class=\"ekit-element-align-wrapper\">\n                    <div class=\"ekit_double_button\">                <a class=\"ekit-double-btn ekit-double-btn-one\" href=\"https:\/\/olhetudoquefizemos.my.canva.site\/portfolio-nacuia\">\n                    Conhe\u00e7a nossos trabalhos anteriores                <\/a>\n                  <\/div>\n                <\/div>\n            <\/div>\t\t\t\t<\/div>\n\t\t\t\t<\/div>\n\t\t\t\t<\/div>\n\t\t<div class=\"elementor-element elementor-element-d100f3d e-con-full animated-fast e-flex elementor-invisible e-con e-child\" data-id=\"d100f3d\" data-element_type=\"container\" data-e-type=\"container\" data-settings=\"{&quot;animation&quot;:&quot;fadeInRight&quot;}\">\n\t\t\t\t<div class=\"elementor-element elementor-element-cb9f895 elementor-widget-mobile__width-inherit elementor-widget elementor-widget-image\" data-id=\"cb9f895\" data-element_type=\"widget\" data-e-type=\"widget\" data-settings=\"{&quot;_animation_laptop&quot;:&quot;fadeInRight&quot;,&quot;motion_fx_motion_fx_scrolling&quot;:&quot;yes&quot;,&quot;motion_fx_rotateZ_effect&quot;:&quot;yes&quot;,&quot;motion_fx_rotateZ_speed&quot;:{&quot;unit&quot;:&quot;px&quot;,&quot;size&quot;:2.4,&quot;sizes&quot;:[]},&quot;_animation_widescreen&quot;:&quot;fadeIn&quot;,&quot;motion_fx_rotateZ_affectedRange&quot;:{&quot;unit&quot;:&quot;%&quot;,&quot;size&quot;:&quot;&quot;,&quot;sizes&quot;:{&quot;start&quot;:0,&quot;end&quot;:100}},&quot;motion_fx_devices&quot;:[&quot;widescreen&quot;,&quot;desktop&quot;,&quot;laptop&quot;,&quot;tablet_extra&quot;,&quot;tablet&quot;,&quot;mobile&quot;]}\" data-widget_type=\"image.default\">\n\t\t\t\t<div class=\"elementor-widget-container\">\n\t\t\t\t\t\t\t\t\t\t\t\t\t\t\t<img loading=\"lazy\" decoding=\"async\" width=\"2501\" height=\"2501\" src=\"https:\/\/nacuia.org\/wp-content\/uploads\/2025\/09\/jambu-rosa.png\" class=\"attachment-full size-full wp-image-1111\" alt=\"\" srcset=\"https:\/\/nacuia.org\/wp-content\/uploads\/2025\/09\/jambu-rosa.png 2501w, https:\/\/nacuia.org\/wp-content\/uploads\/2025\/09\/jambu-rosa-300x300.png 300w, https:\/\/nacuia.org\/wp-content\/uploads\/2025\/09\/jambu-rosa-1024x1024.png 1024w, https:\/\/nacuia.org\/wp-content\/uploads\/2025\/09\/jambu-rosa-150x150.png 150w, https:\/\/nacuia.org\/wp-content\/uploads\/2025\/09\/jambu-rosa-768x768.png 768w, https:\/\/nacuia.org\/wp-content\/uploads\/2025\/09\/jambu-rosa-1536x1536.png 1536w, https:\/\/nacuia.org\/wp-content\/uploads\/2025\/09\/jambu-rosa-2048x2048.png 2048w\" sizes=\"(max-width: 2501px) 100vw, 2501px\" \/>\t\t\t\t\t\t\t\t\t\t\t\t\t\t\t<\/div>\n\t\t\t\t<\/div>\n\t\t\t\t<\/div>\n\t\t\t\t\t<\/div>\n\t\t\t\t<\/div>\n\t\t<div class=\"elementor-element elementor-element-d3bac63 animated-fast e-flex e-con-boxed elementor-invisible e-con e-parent\" data-id=\"d3bac63\" data-element_type=\"container\" data-e-type=\"container\" data-settings=\"{&quot;background_background&quot;:&quot;classic&quot;,&quot;animation&quot;:&quot;fadeIn&quot;}\">\n\t\t\t\t\t<div class=\"e-con-inner\">\n\t\t\t\t<div class=\"elementor-element elementor-element-29ee3cd elementor-widget__width-inherit elementor-widget elementor-widget-heading\" data-id=\"29ee3cd\" data-element_type=\"widget\" data-e-type=\"widget\" data-widget_type=\"heading.default\">\n\t\t\t\t<div class=\"elementor-widget-container\">\n\t\t\t\t\t<h2 class=\"elementor-heading-title elementor-size-default\">Quem acredita na gente<\/h2>\t\t\t\t<\/div>\n\t\t\t\t<\/div>\n\t\t\t\t<div class=\"elementor-element elementor-element-91c173e elementor-widget elementor-widget-text-editor\" data-id=\"91c173e\" data-element_type=\"widget\" data-e-type=\"widget\" data-widget_type=\"text-editor.default\">\n\t\t\t\t<div class=\"elementor-widget-container\">\n\t\t\t\t\t\t\t\t\t<p><span style=\"font-weight: 400;\">Fundo Casa<\/span><span style=\"font-weight: 400;\">, Fundo Dema, IMAZON e ICS.<\/span><\/p>\t\t\t\t\t\t\t\t<\/div>\n\t\t\t\t<\/div>\n\t\t\t\t<div class=\"elementor-element elementor-element-2d74209 animated-fast elementor-widget elementor-widget-jkit_client_logo\" data-id=\"2d74209\" data-element_type=\"widget\" data-e-type=\"widget\" data-settings=\"{&quot;_animation&quot;:&quot;none&quot;}\" data-widget_type=\"jkit_client_logo.default\">\n\t\t\t\t<div class=\"elementor-widget-container\">\n\t\t\t\t\t<div  class=\"jeg-elementor-kit jkit-client-logo arrow-bottom-middle jeg_module__1_69f74fd8e6bf1\"  data-id=\"jeg_module__1_69f74fd8e6bf1\" data-settings=\"{&quot;autoplay&quot;:false,&quot;autoplay_speed&quot;:3500,&quot;autoplay_hover_pause&quot;:false,&quot;show_navigation&quot;:false,&quot;navigation_left&quot;:&quot;&lt;span&gt;&lt;svg aria-hidden=\\&quot;true\\&quot; class=\\&quot;e-font-icon-svg e-fas-angle-left\\&quot; viewBox=\\&quot;0 0 256 512\\&quot; xmlns=\\&quot;http:\\\/\\\/www.w3.org\\\/2000\\\/svg\\&quot;&gt;&lt;path d=\\&quot;M31.7 239l136-136c9.4-9.4 24.6-9.4 33.9 0l22.6 22.6c9.4 9.4 9.4 24.6 0 33.9L127.9 256l96.4 96.4c9.4 9.4 9.4 24.6 0 33.9L201.7 409c-9.4 9.4-24.6 9.4-33.9 0l-136-136c-9.5-9.4-9.5-24.6-.1-34z\\&quot;&gt;&lt;\\\/path&gt;&lt;\\\/svg&gt;&lt;\\\/span&gt;&quot;,&quot;navigation_right&quot;:&quot;&lt;span&gt;&lt;svg aria-hidden=\\&quot;true\\&quot; class=\\&quot;e-font-icon-svg e-fas-angle-right\\&quot; viewBox=\\&quot;0 0 256 512\\&quot; xmlns=\\&quot;http:\\\/\\\/www.w3.org\\\/2000\\\/svg\\&quot;&gt;&lt;path d=\\&quot;M224.3 273l-136 136c-9.4 9.4-24.6 9.4-33.9 0l-22.6-22.6c-9.4-9.4-9.4-24.6 0-33.9l96.4-96.4-96.4-96.4c-9.4-9.4-9.4-24.6 0-33.9L54.3 103c9.4-9.4 24.6-9.4 33.9 0l136 136c9.5 9.4 9.5 24.6.1 34z\\&quot;&gt;&lt;\\\/path&gt;&lt;\\\/svg&gt;&lt;\\\/span&gt;&quot;,&quot;show_dots&quot;:false,&quot;arrow_position&quot;:&quot;bottom&quot;,&quot;responsive&quot;:{&quot;desktop&quot;:{&quot;items&quot;:4,&quot;margin&quot;:40,&quot;breakpoint&quot;:2401},&quot;widescreen&quot;:{&quot;items&quot;:4,&quot;margin&quot;:40,&quot;breakpoint&quot;:1367},&quot;laptop&quot;:{&quot;items&quot;:4,&quot;margin&quot;:40,&quot;breakpoint&quot;:1201},&quot;tablet_extra&quot;:{&quot;items&quot;:4,&quot;margin&quot;:40,&quot;breakpoint&quot;:1081},&quot;tablet&quot;:{&quot;items&quot;:4,&quot;margin&quot;:4,&quot;breakpoint&quot;:768},&quot;mobile&quot;:{&quot;items&quot;:4,&quot;margin&quot;:1,&quot;breakpoint&quot;:0}}}\"><div class=\"client-list\"><div class=\"client-track\"><div class=\"client-slider item \"><div class=\"image-list\"><div class=\"content-image\"><img loading=\"lazy\" decoding=\"async\" width=\"351\" height=\"143\" src=\"https:\/\/nacuia.org\/wp-content\/uploads\/2025\/09\/images__1_-removebg-preview.png\" class=\"main-image\" alt=\"Title\" url=\"https:\/\/nacuia.org\/wp-content\/uploads\/2025\/09\/images__1_-removebg-preview.png\" source=\"library\" srcset=\"https:\/\/nacuia.org\/wp-content\/uploads\/2025\/09\/images__1_-removebg-preview.png 351w, https:\/\/nacuia.org\/wp-content\/uploads\/2025\/09\/images__1_-removebg-preview-300x122.png 300w, https:\/\/nacuia.org\/wp-content\/uploads\/2025\/09\/images__1_-removebg-preview-18x7.png 18w\" sizes=\"(max-width: 351px) 100vw, 351px\" \/><\/div><\/div><\/div><div class=\"client-slider item \"><div class=\"image-list\"><div class=\"content-image\"><img loading=\"lazy\" decoding=\"async\" width=\"768\" height=\"512\" src=\"https:\/\/nacuia.org\/wp-content\/uploads\/2025\/09\/FundoDEMA_Cor-768x512.png\" class=\"main-image\" alt=\"Title\" url=\"https:\/\/nacuia.org\/wp-content\/uploads\/2025\/09\/FundoDEMA_Cor.png\" source=\"library\" srcset=\"https:\/\/nacuia.org\/wp-content\/uploads\/2025\/09\/FundoDEMA_Cor-768x512.png 768w, https:\/\/nacuia.org\/wp-content\/uploads\/2025\/09\/FundoDEMA_Cor-300x200.png 300w, https:\/\/nacuia.org\/wp-content\/uploads\/2025\/09\/FundoDEMA_Cor-1024x682.png 1024w, https:\/\/nacuia.org\/wp-content\/uploads\/2025\/09\/FundoDEMA_Cor-1536x1024.png 1536w, https:\/\/nacuia.org\/wp-content\/uploads\/2025\/09\/FundoDEMA_Cor-18x12.png 18w, https:\/\/nacuia.org\/wp-content\/uploads\/2025\/09\/FundoDEMA_Cor.png 1772w\" sizes=\"(max-width: 768px) 100vw, 768px\" \/><\/div><\/div><\/div><div class=\"client-slider item \"><div class=\"image-list\"><div class=\"content-image\"><img loading=\"lazy\" decoding=\"async\" width=\"308\" height=\"163\" src=\"https:\/\/nacuia.org\/wp-content\/uploads\/2025\/09\/imazon-removebg-preview.png\" class=\"main-image\" alt=\"Title\" url=\"https:\/\/nacuia.org\/wp-content\/uploads\/2025\/09\/imazon-removebg-preview.png\" source=\"library\" srcset=\"https:\/\/nacuia.org\/wp-content\/uploads\/2025\/09\/imazon-removebg-preview.png 308w, https:\/\/nacuia.org\/wp-content\/uploads\/2025\/09\/imazon-removebg-preview-300x159.png 300w, https:\/\/nacuia.org\/wp-content\/uploads\/2025\/09\/imazon-removebg-preview-18x10.png 18w\" sizes=\"(max-width: 308px) 100vw, 308px\" \/><\/div><\/div><\/div><div class=\"client-slider item \"><div class=\"image-list\"><div class=\"content-image\"><img loading=\"lazy\" decoding=\"async\" width=\"768\" height=\"316\" src=\"https:\/\/nacuia.org\/wp-content\/uploads\/2025\/09\/logo10anos_cor-768x316.png\" class=\"main-image\" alt=\"Title\" url=\"https:\/\/nacuia.org\/wp-content\/uploads\/2025\/09\/logo10anos_cor.png\" source=\"library\" srcset=\"https:\/\/nacuia.org\/wp-content\/uploads\/2025\/09\/logo10anos_cor-768x316.png 768w, https:\/\/nacuia.org\/wp-content\/uploads\/2025\/09\/logo10anos_cor-300x123.png 300w, https:\/\/nacuia.org\/wp-content\/uploads\/2025\/09\/logo10anos_cor-1024x421.png 1024w, https:\/\/nacuia.org\/wp-content\/uploads\/2025\/09\/logo10anos_cor-1536x632.png 1536w, https:\/\/nacuia.org\/wp-content\/uploads\/2025\/09\/logo10anos_cor-18x7.png 18w, https:\/\/nacuia.org\/wp-content\/uploads\/2025\/09\/logo10anos_cor.png 1827w\" sizes=\"(max-width: 768px) 100vw, 768px\" \/><\/div><\/div><\/div><\/div><\/div><\/div>\t\t\t\t<\/div>\n\t\t\t\t<\/div>\n\t\t\t\t\t<\/div>\n\t\t\t\t<\/div>\n\t\t<div class=\"elementor-element elementor-element-091a72d e-flex e-con-boxed e-con e-parent\" data-id=\"091a72d\" data-element_type=\"container\" data-e-type=\"container\" data-settings=\"{&quot;background_background&quot;:&quot;classic&quot;}\">\n\t\t\t\t\t<div class=\"e-con-inner\">\n\t\t<div class=\"elementor-element elementor-element-ed55cb1 e-con-full e-flex e-con e-child\" data-id=\"ed55cb1\" data-element_type=\"container\" data-e-type=\"container\">\n\t\t<div class=\"elementor-element elementor-element-e008e60 e-con-full e-flex e-con e-child\" data-id=\"e008e60\" data-element_type=\"container\" data-e-type=\"container\" data-settings=\"{&quot;background_background&quot;:&quot;gradient&quot;}\">\n\t\t<div class=\"elementor-element elementor-element-60310ed e-con-full e-flex e-con e-child\" data-id=\"60310ed\" data-element_type=\"container\" data-e-type=\"container\">\n\t\t\t\t<div class=\"elementor-element elementor-element-9472b42 elementor-widget elementor-widget-heading\" data-id=\"9472b42\" data-element_type=\"widget\" data-e-type=\"widget\" data-widget_type=\"heading.default\">\n\t\t\t\t<div class=\"elementor-widget-container\">\n\t\t\t\t\t<h2 class=\"elementor-heading-title elementor-size-default\">Junte-se ao movimento contribua NA CUIA, fa\u00e7a uma doa\u00e7\u00e3o.<\/h2>\t\t\t\t<\/div>\n\t\t\t\t<\/div>\n\t\t\t\t<\/div>\n\t\t<div class=\"elementor-element elementor-element-cafc127 e-con-full e-flex e-con e-child\" data-id=\"cafc127\" data-element_type=\"container\" data-e-type=\"container\">\n\t\t\t\t<div class=\"elementor-element elementor-element-d1fbcd1 elementor-widget elementor-widget-elementskit-dual-button\" data-id=\"d1fbcd1\" data-element_type=\"widget\" data-e-type=\"widget\" data-widget_type=\"elementskit-dual-button.default\">\n\t\t\t\t<div class=\"elementor-widget-container\">\n\t\t\t\t\t<div class=\"ekit-wid-con\" >\n                <div class=\"ekit-element-align-wrapper\">\n                    <div class=\"ekit_double_button\">                <a class=\"ekit-double-btn ekit-double-btn-one\" href=\"https:\/\/apoia.se\/nacuiaorg?utm_source=Explore-da-APOIA-se&#038;utm_medium=Card-de-Campanha\">\n                    doar agora                <\/a>\n                  <\/div>\n                <\/div>\n            <\/div>\t\t\t\t<\/div>\n\t\t\t\t<\/div>\n\t\t\t\t<\/div>\n\t\t\t\t<\/div>\n\t\t\t\t<\/div>\n\t\t\t\t\t<\/div>\n\t\t\t\t<\/div>\n\t\t\t\t<\/div>\n\t\t","protected":false},"excerpt":{"rendered":"<p>Vozes da Amaz\u00f4nia, Transforma\u00e7\u00e3o Social &amp; Conex\u00f5es para o Futuro H\u00e1 10 anos, a Associa\u00e7\u00e3o Cultural Na Cuia atua para transformar vidas e territ\u00f3rios na Amaz\u00f4nia por meio da cultura, comunica\u00e7\u00e3o, justi\u00e7a ambiental e inclus\u00e3o social. SAIBA MAIS Promovendo a educa\u00e7\u00e3o digital, a inclus\u00e3o profissional e a democratiza\u00e7\u00e3o da comunica\u00e7\u00e3o! Miss\u00e3o, Vis\u00e3o e Valores Miss\u00e3o [&hellip;]<\/p>\n","protected":false},"author":1,"featured_media":0,"parent":0,"menu_order":0,"comment_status":"closed","ping_status":"closed","template":"","meta":{"footnotes":""},"class_list":["post-97","page","type-page","status-publish","hentry"],"yoast_head":"<!-- This site is optimized with the Yoast SEO plugin v27.0 - https:\/\/yoast.com\/product\/yoast-seo-wordpress\/ -->\n<title>Home - NA CUIA<\/title>\n<meta name=\"robots\" content=\"index, follow, max-snippet:-1, max-image-preview:large, max-video-preview:-1\" \/>\n<link rel=\"canonical\" href=\"https:\/\/nacuia.org\/en\/\" \/>\n<meta property=\"og:locale\" content=\"en_US\" \/>\n<meta property=\"og:type\" content=\"article\" \/>\n<meta property=\"og:title\" content=\"Home - NA CUIA\" \/>\n<meta property=\"og:description\" content=\"Vozes da Amaz\u00f4nia, Transforma\u00e7\u00e3o Social &amp; Conex\u00f5es para o Futuro H\u00e1 10 anos, a Associa\u00e7\u00e3o Cultural Na Cuia atua para transformar vidas e territ\u00f3rios na Amaz\u00f4nia por meio da cultura, comunica\u00e7\u00e3o, justi\u00e7a ambiental e inclus\u00e3o social. SAIBA MAIS Promovendo a educa\u00e7\u00e3o digital, a inclus\u00e3o profissional e a democratiza\u00e7\u00e3o da comunica\u00e7\u00e3o! Miss\u00e3o, Vis\u00e3o e Valores Miss\u00e3o [&hellip;]\" \/>\n<meta property=\"og:url\" content=\"https:\/\/nacuia.org\/en\/\" \/>\n<meta property=\"og:site_name\" content=\"NA CUIA\" \/>\n<meta property=\"article:modified_time\" content=\"2025-10-15T15:07:09+00:00\" \/>\n<meta property=\"og:image\" content=\"https:\/\/nacuia.org\/wp-content\/uploads\/2025\/09\/jambu-amarelo-768x768.png\" \/>\n<meta name=\"twitter:card\" content=\"summary_large_image\" \/>\n<meta name=\"twitter:label1\" content=\"Est. reading time\" \/>\n\t<meta name=\"twitter:data1\" content=\"4 minutes\" \/>\n<script type=\"application\/ld+json\" class=\"yoast-schema-graph\">{\"@context\":\"https:\/\/schema.org\",\"@graph\":[{\"@type\":\"WebPage\",\"@id\":\"https:\/\/nacuia.org\/\",\"url\":\"https:\/\/nacuia.org\/\",\"name\":\"Home - NA CUIA\",\"isPartOf\":{\"@id\":\"https:\/\/nacuia.org\/#website\"},\"primaryImageOfPage\":{\"@id\":\"https:\/\/nacuia.org\/#primaryimage\"},\"image\":{\"@id\":\"https:\/\/nacuia.org\/#primaryimage\"},\"thumbnailUrl\":\"https:\/\/nacuia.org\/wp-content\/uploads\/2025\/09\/jambu-amarelo-768x768.png\",\"datePublished\":\"2024-11-02T12:25:03+00:00\",\"dateModified\":\"2025-10-15T15:07:09+00:00\",\"breadcrumb\":{\"@id\":\"https:\/\/nacuia.org\/#breadcrumb\"},\"inLanguage\":\"en-US\",\"potentialAction\":[{\"@type\":\"ReadAction\",\"target\":[\"https:\/\/nacuia.org\/\"]}]},{\"@type\":\"ImageObject\",\"inLanguage\":\"en-US\",\"@id\":\"https:\/\/nacuia.org\/#primaryimage\",\"url\":\"https:\/\/nacuia.org\/wp-content\/uploads\/2025\/09\/jambu-amarelo-768x768.png\",\"contentUrl\":\"https:\/\/nacuia.org\/wp-content\/uploads\/2025\/09\/jambu-amarelo-768x768.png\"},{\"@type\":\"BreadcrumbList\",\"@id\":\"https:\/\/nacuia.org\/#breadcrumb\",\"itemListElement\":[{\"@type\":\"ListItem\",\"position\":1,\"name\":\"In\u00edcio\",\"item\":\"https:\/\/nacuia.org\/\"},{\"@type\":\"ListItem\",\"position\":2,\"name\":\"Home\"}]},{\"@type\":\"WebSite\",\"@id\":\"https:\/\/nacuia.org\/#website\",\"url\":\"https:\/\/nacuia.org\/\",\"name\":\"NA CUIA\",\"description\":\"Associa\u00e7\u00e3o Cultural\",\"potentialAction\":[{\"@type\":\"SearchAction\",\"target\":{\"@type\":\"EntryPoint\",\"urlTemplate\":\"https:\/\/nacuia.org\/?s={search_term_string}\"},\"query-input\":{\"@type\":\"PropertyValueSpecification\",\"valueRequired\":true,\"valueName\":\"search_term_string\"}}],\"inLanguage\":\"en-US\"}]}<\/script>\n<!-- \/ Yoast SEO plugin. -->","yoast_head_json":{"title":"Home - NA CUIA","robots":{"index":"index","follow":"follow","max-snippet":"max-snippet:-1","max-image-preview":"max-image-preview:large","max-video-preview":"max-video-preview:-1"},"canonical":"https:\/\/nacuia.org\/en\/","og_locale":"en_US","og_type":"article","og_title":"Home - NA CUIA","og_description":"Vozes da Amaz\u00f4nia, Transforma\u00e7\u00e3o Social &amp; Conex\u00f5es para o Futuro H\u00e1 10 anos, a Associa\u00e7\u00e3o Cultural Na Cuia atua para transformar vidas e territ\u00f3rios na Amaz\u00f4nia por meio da cultura, comunica\u00e7\u00e3o, justi\u00e7a ambiental e inclus\u00e3o social. SAIBA MAIS Promovendo a educa\u00e7\u00e3o digital, a inclus\u00e3o profissional e a democratiza\u00e7\u00e3o da comunica\u00e7\u00e3o! Miss\u00e3o, Vis\u00e3o e Valores Miss\u00e3o [&hellip;]","og_url":"https:\/\/nacuia.org\/en\/","og_site_name":"NA CUIA","article_modified_time":"2025-10-15T15:07:09+00:00","og_image":[{"url":"https:\/\/nacuia.org\/wp-content\/uploads\/2025\/09\/jambu-amarelo-768x768.png","type":"","width":"","height":""}],"twitter_card":"summary_large_image","twitter_misc":{"Est. reading time":"4 minutes"},"schema":{"@context":"https:\/\/schema.org","@graph":[{"@type":"WebPage","@id":"https:\/\/nacuia.org\/","url":"https:\/\/nacuia.org\/","name":"Home - NA CUIA","isPartOf":{"@id":"https:\/\/nacuia.org\/#website"},"primaryImageOfPage":{"@id":"https:\/\/nacuia.org\/#primaryimage"},"image":{"@id":"https:\/\/nacuia.org\/#primaryimage"},"thumbnailUrl":"https:\/\/nacuia.org\/wp-content\/uploads\/2025\/09\/jambu-amarelo-768x768.png","datePublished":"2024-11-02T12:25:03+00:00","dateModified":"2025-10-15T15:07:09+00:00","breadcrumb":{"@id":"https:\/\/nacuia.org\/#breadcrumb"},"inLanguage":"en-US","potentialAction":[{"@type":"ReadAction","target":["https:\/\/nacuia.org\/"]}]},{"@type":"ImageObject","inLanguage":"en-US","@id":"https:\/\/nacuia.org\/#primaryimage","url":"https:\/\/nacuia.org\/wp-content\/uploads\/2025\/09\/jambu-amarelo-768x768.png","contentUrl":"https:\/\/nacuia.org\/wp-content\/uploads\/2025\/09\/jambu-amarelo-768x768.png"},{"@type":"BreadcrumbList","@id":"https:\/\/nacuia.org\/#breadcrumb","itemListElement":[{"@type":"ListItem","position":1,"name":"In\u00edcio","item":"https:\/\/nacuia.org\/"},{"@type":"ListItem","position":2,"name":"Home"}]},{"@type":"WebSite","@id":"https:\/\/nacuia.org\/#website","url":"https:\/\/nacuia.org\/","name":"NA CUIA","description":"Associa\u00e7\u00e3o Cultural","potentialAction":[{"@type":"SearchAction","target":{"@type":"EntryPoint","urlTemplate":"https:\/\/nacuia.org\/?s={search_term_string}"},"query-input":{"@type":"PropertyValueSpecification","valueRequired":true,"valueName":"search_term_string"}}],"inLanguage":"en-US"}]}},"_links":{"self":[{"href":"https:\/\/nacuia.org\/en\/wp-json\/wp\/v2\/pages\/97","targetHints":{"allow":["GET"]}}],"collection":[{"href":"https:\/\/nacuia.org\/en\/wp-json\/wp\/v2\/pages"}],"about":[{"href":"https:\/\/nacuia.org\/en\/wp-json\/wp\/v2\/types\/page"}],"author":[{"embeddable":true,"href":"https:\/\/nacuia.org\/en\/wp-json\/wp\/v2\/users\/1"}],"replies":[{"embeddable":true,"href":"https:\/\/nacuia.org\/en\/wp-json\/wp\/v2\/comments?post=97"}],"version-history":[{"count":772,"href":"https:\/\/nacuia.org\/en\/wp-json\/wp\/v2\/pages\/97\/revisions"}],"predecessor-version":[{"id":1782,"href":"https:\/\/nacuia.org\/en\/wp-json\/wp\/v2\/pages\/97\/revisions\/1782"}],"wp:attachment":[{"href":"https:\/\/nacuia.org\/en\/wp-json\/wp\/v2\/media?parent=97"}],"curies":[{"name":"wp","href":"https:\/\/api.w.org\/{rel}","templated":true}]}}